{"id":1238,"date":"2023-05-15T14:13:35","date_gmt":"2023-05-15T11:13:35","guid":{"rendered":"https:\/\/scientiarum.fi\/lectures\/"},"modified":"2026-04-10T09:41:11","modified_gmt":"2026-04-10T06:41:11","slug":"lectures","status":"publish","type":"page","link":"https:\/\/scientiarum.fi\/en\/lectures\/","title":{"rendered":"Lectures"},"content":{"rendered":"<p>[et_pb_section fb_built=&#8221;1&#8243; _builder_version=&#8221;4.21.0&#8243; _module_preset=&#8221;default&#8221; global_colors_info=&#8221;{}&#8221;][et_pb_row _builder_version=&#8221;4.21.0&#8243; _module_preset=&#8221;default&#8221; custom_padding=&#8221;0px||0px||false|false&#8221; global_colors_info=&#8221;{}&#8221;][et_pb_column type=&#8221;4_4&#8243; _builder_version=&#8221;4.21.0&#8243; _module_preset=&#8221;default&#8221; global_colors_info=&#8221;{}&#8221;][et_pb_image src=&#8221;https:\/\/scientiarum.fi\/wp-content\/uploads\/2023\/06\/youtube-banner.png&#8221; title_text=&#8221;youtube-banner&#8221; _builder_version=&#8221;4.21.0&#8243; _module_preset=&#8221;default&#8221; global_colors_info=&#8221;{}&#8221;][\/et_pb_image][\/et_pb_column][\/et_pb_row][et_pb_row column_structure=&#8221;1_5,3_5,1_5&#8243; module_id=&#8221;video-pg-txt&#8221; _builder_version=&#8221;4.21.0&#8243; _module_preset=&#8221;default&#8221; custom_margin=&#8221;40px||||false|false&#8221; global_colors_info=&#8221;{}&#8221;][et_pb_column type=&#8221;1_5&#8243; _builder_version=&#8221;4.21.0&#8243; _module_preset=&#8221;default&#8221; global_colors_info=&#8221;{}&#8221;][\/et_pb_column][et_pb_column type=&#8221;3_5&#8243; _builder_version=&#8221;4.21.0&#8243; _module_preset=&#8221;default&#8221; global_colors_info=&#8221;{}&#8221;][et_pb_text _builder_version=&#8221;4.27.0&#8243; _module_preset=&#8221;c777a3eb-e4d4-42b0-8250-091bc4b42774&#8243; text_font=&#8221;||||||||&#8221; text_font_size=&#8221;20px&#8221; header_text_align=&#8221;center&#8221; header_2_text_align=&#8221;center&#8221; custom_margin=&#8221;||60px||false|false&#8221; text_font_size_tablet=&#8221;20px&#8221; text_font_size_phone=&#8221;20px&#8221; text_font_size_last_edited=&#8221;on|desktop&#8221; global_colors_info=&#8221;{}&#8221;]<\/p>\n<h1>Lectures<\/h1>\n<p>[\/et_pb_text][et_pb_text _builder_version=&#8221;4.27.6&#8243; _module_preset=&#8221;0cde5546-a697-454a-bb65-88947aee42b6&#8243; text_font=&#8221;Elegant Icon Fonts||||||||&#8221; text_font_size=&#8221;26px&#8221; text_line_height=&#8221;1.3em&#8221; header_font=&#8221;|300|on||||||&#8221; header_text_align=&#8221;center&#8221; header_2_text_align=&#8221;center&#8221; custom_margin=&#8221;||60px||false|false&#8221; hover_enabled=&#8221;0&#8243; global_colors_info=&#8221;{}&#8221; sticky_enabled=&#8221;0&#8243;]<\/p>\n<h2>Symposium Dedicated to Gustaf Gabriel H\u00e4llstr\u00f6m<\/h2>\n<p>[\/et_pb_text][et_pb_blurb use_icon=&#8221;on&#8221; font_icon=&#8221;&#xe0a3;||divi||400&#8243; icon_color=&#8221;#813134&#8243; icon_placement=&#8221;left&#8221; _builder_version=&#8221;4.27.6&#8243; _module_preset=&#8221;default&#8221; body_font_size=&#8221;22px&#8221; hover_enabled=&#8221;0&#8243; locked=&#8221;off&#8221; global_colors_info=&#8221;{}&#8221; sticky_enabled=&#8221;0&#8243;]<\/p>\n<p><a href=\"https:\/\/www.youtube.com\/watch?v=lHY8Kt456AY&amp;t=184s\">Professor Mats Gyllenberg: Gustaf Gabriel H\u00e4llstr\u00f6m \u2013 Stiftande medlem av Finska Vetenskaps-Societeten och dess f\u00f6rsta ordf\u00f6rande<\/a><\/p>\n<p>[\/et_pb_blurb][et_pb_text _builder_version=&#8221;4.27.4&#8243; _module_preset=&#8221;0cde5546-a697-454a-bb65-88947aee42b6&#8243; text_font=&#8221;Elegant Icon Fonts||||||||&#8221; text_font_size=&#8221;26px&#8221; text_line_height=&#8221;1.3em&#8221; header_font=&#8221;|300|on||||||&#8221; header_text_align=&#8221;center&#8221; header_2_text_align=&#8221;center&#8221; custom_margin=&#8221;||60px||false|false&#8221; global_colors_info=&#8221;{}&#8221;]<\/p>\n<h2>Meeting 15.12.2025<\/h2>\n<p>[\/et_pb_text][et_pb_blurb use_icon=&#8221;on&#8221; font_icon=&#8221;&#xe0a3;||divi||400&#8243; icon_color=&#8221;#813134&#8243; icon_placement=&#8221;left&#8221; _builder_version=&#8221;4.27.4&#8243; _module_preset=&#8221;default&#8221; body_font_size=&#8221;22px&#8221; locked=&#8221;off&#8221; global_colors_info=&#8221;{}&#8221;]<\/p>\n<p><a href=\"https:\/\/www.youtube.com\/watch?v=wEoXOpZcpNE\">Professor Jouko Rikkinen: Commemorative Speech for Carl-Adam H\u00e6ggstr\u00f6m<\/a><\/p>\n<p>[\/et_pb_blurb][et_pb_blurb use_icon=&#8221;on&#8221; font_icon=&#8221;&#xe0a3;||divi||400&#8243; icon_color=&#8221;#813134&#8243; icon_placement=&#8221;left&#8221; _builder_version=&#8221;4.27.4&#8243; _module_preset=&#8221;default&#8221; body_font_size=&#8221;22px&#8221; locked=&#8221;off&#8221; global_colors_info=&#8221;{}&#8221;]<\/p>\n<p><a href=\"https:\/\/www.youtube.com\/watch?v=Hs8MH292nSk\">Professor Susanna Paasonen: Monitulkintaisuuden t\u00e4rkeys datakulttuurissa<\/a><\/p>\n<p>[\/et_pb_blurb][et_pb_text _builder_version=&#8221;4.27.4&#8243; _module_preset=&#8221;0cde5546-a697-454a-bb65-88947aee42b6&#8243; text_font=&#8221;Elegant Icon Fonts||||||||&#8221; text_font_size=&#8221;26px&#8221; text_line_height=&#8221;1.3em&#8221; header_font=&#8221;|300|on||||||&#8221; header_text_align=&#8221;center&#8221; header_2_text_align=&#8221;center&#8221; custom_margin=&#8221;||60px||false|false&#8221; global_colors_info=&#8221;{}&#8221;]<\/p>\n<h2>Meeting 17.11.2025<\/h2>\n<p>[\/et_pb_text][et_pb_blurb use_icon=&#8221;on&#8221; font_icon=&#8221;&#xe0a3;||divi||400&#8243; icon_color=&#8221;#813134&#8243; icon_placement=&#8221;left&#8221; _builder_version=&#8221;4.27.4&#8243; _module_preset=&#8221;default&#8221; body_font_size=&#8221;22px&#8221; locked=&#8221;off&#8221; global_colors_info=&#8221;{}&#8221;]<\/p>\n<p><a href=\"https:\/\/www.youtube.com\/watch?v=52gKstkq3v0&amp;t=1s\">Professor Jussi Pakkasvirta: Nobelin rauhanpalkinto Mar\u00eda Corina Machadolle \u2013 Latinalainen Amerikka ja kansainv\u00e4lisen tilanteen haasteet<\/a><\/p>\n<p>[\/et_pb_blurb][et_pb_blurb use_icon=&#8221;on&#8221; font_icon=&#8221;&#xe0a3;||divi||400&#8243; icon_color=&#8221;#813134&#8243; icon_placement=&#8221;left&#8221; _builder_version=&#8221;4.27.4&#8243; _module_preset=&#8221;default&#8221; body_font_size=&#8221;22px&#8221; locked=&#8221;off&#8221; global_colors_info=&#8221;{}&#8221;]<\/p>\n<p><a href=\"https:\/\/www.youtube.com\/watch?v=v6lVxVL04AM&amp;t=1s\">Dialogue between Professor Pauline von Bonsdorff and L\u00e1szl\u00f3 Krasznahorkai\u2019s translator Minnamari Sinisalo: L\u00e1szl\u00f3 Krasznahorkai \u2013 mit\u00e4 ja miten ymm\u00e4rr\u00e4mme, kun ymm\u00e4rr\u00e4mme kaunokirjallisuutta?<\/a><\/p>\n<p>[\/et_pb_blurb][et_pb_text _builder_version=&#8221;4.27.4&#8243; _module_preset=&#8221;0cde5546-a697-454a-bb65-88947aee42b6&#8243; text_font=&#8221;Elegant Icon Fonts||||||||&#8221; text_font_size=&#8221;26px&#8221; text_line_height=&#8221;1.3em&#8221; header_font=&#8221;|300|on||||||&#8221; header_text_align=&#8221;center&#8221; header_2_text_align=&#8221;center&#8221; custom_margin=&#8221;||60px||false|false&#8221; global_colors_info=&#8221;{}&#8221;]<\/p>\n<h2>Meeting 15.9.2025<\/h2>\n<p>[\/et_pb_text][et_pb_blurb use_icon=&#8221;on&#8221; font_icon=&#8221;&#xe0a3;||divi||400&#8243; icon_color=&#8221;#813134&#8243; icon_placement=&#8221;left&#8221; _builder_version=&#8221;4.27.4&#8243; _module_preset=&#8221;default&#8221; body_font_size=&#8221;22px&#8221; locked=&#8221;off&#8221; global_colors_info=&#8221;{}&#8221;]<\/p>\n<p><a href=\"https:\/\/www.youtube.com\/watch?v=3-qoHRY6wxQ\">Professor Ralph-Johan Back: Commemorative speech for Arto Salomaa<\/a><\/p>\n<p>[\/et_pb_blurb][et_pb_blurb use_icon=&#8221;on&#8221; font_icon=&#8221;&#xe0a3;||divi||400&#8243; icon_color=&#8221;#813134&#8243; icon_placement=&#8221;left&#8221; _builder_version=&#8221;4.27.4&#8243; _module_preset=&#8221;default&#8221; body_font_size=&#8221;22px&#8221; locked=&#8221;off&#8221; global_colors_info=&#8221;{}&#8221;]<\/p>\n<p><a href=\"https:\/\/www.youtube.com\/watch?v=oYvV0IU9gEQ&amp;t=617s\">Lecture by Professor Anna-Liisa Laine: Mikrobien n\u00e4kym\u00e4t\u00f6n diversiteetti muuttuvassa maailmassa<\/a><\/p>\n<p>[\/et_pb_blurb][et_pb_text _builder_version=&#8221;4.27.3&#8243; _module_preset=&#8221;0cde5546-a697-454a-bb65-88947aee42b6&#8243; text_font=&#8221;Elegant Icon Fonts||||||||&#8221; text_font_size=&#8221;26px&#8221; text_line_height=&#8221;1.3em&#8221; header_font=&#8221;|300|on||||||&#8221; header_text_align=&#8221;center&#8221; header_2_text_align=&#8221;center&#8221; custom_margin=&#8221;||60px||false|false&#8221; global_colors_info=&#8221;{}&#8221;]<\/p>\n<h2>A Seminar by Jens-Christian Svenning: \u201dA Wilder, Better Future?\u201d<\/h2>\n<p>[\/et_pb_text][et_pb_blurb use_icon=&#8221;on&#8221; font_icon=&#8221;&#xe0a3;||divi||400&#8243; icon_color=&#8221;#813134&#8243; icon_placement=&#8221;left&#8221; _builder_version=&#8221;4.27.3&#8243; _module_preset=&#8221;default&#8221; body_font_size=&#8221;22px&#8221; locked=&#8221;off&#8221; global_colors_info=&#8221;{}&#8221;]<\/p>\n<p><a href=\"https:\/\/www.youtube.com\/watch?v=p_ORXiDjLF4&amp;t=1s\">Seminar by Professor Jens-Christian Svenning: A Wilder, Better Future? Trophic Rewilding as a Restoration Approach under Emerging Novel Biosphere Conditions<\/a><\/p>\n<p>[\/et_pb_blurb][et_pb_text _builder_version=&#8221;4.27.3&#8243; _module_preset=&#8221;0cde5546-a697-454a-bb65-88947aee42b6&#8243; text_font=&#8221;Elegant Icon Fonts||||||||&#8221; text_font_size=&#8221;26px&#8221; text_line_height=&#8221;1.3em&#8221; header_font=&#8221;|300|on||||||&#8221; header_text_align=&#8221;center&#8221; header_2_text_align=&#8221;center&#8221; custom_margin=&#8221;||60px||false|false&#8221; global_colors_info=&#8221;{}&#8221;]<\/p>\n<h2>Meeting 17.3.2025<\/h2>\n<p>[\/et_pb_text][et_pb_blurb use_icon=&#8221;on&#8221; font_icon=&#8221;&#xe0a3;||divi||400&#8243; icon_color=&#8221;#813134&#8243; icon_placement=&#8221;left&#8221; _builder_version=&#8221;4.27.3&#8243; _module_preset=&#8221;default&#8221; body_font_size=&#8221;22px&#8221; locked=&#8221;off&#8221; global_colors_info=&#8221;{}&#8221;]<\/p>\n<p><a href=\"https:\/\/www.youtube.com\/watch?v=p_ORXiDjLF4&amp;t=1s\">Lecture by Professor Samuli Siltanen: Viipalekuvaus \u2013 matemaatikon r\u00f6ntgenkatse<\/a><\/p>\n<p>[\/et_pb_blurb][et_pb_text _builder_version=&#8221;4.27.3&#8243; _module_preset=&#8221;0cde5546-a697-454a-bb65-88947aee42b6&#8243; text_font=&#8221;Elegant Icon Fonts||||||||&#8221; text_font_size=&#8221;26px&#8221; text_line_height=&#8221;1.3em&#8221; header_font=&#8221;|300|on||||||&#8221; header_text_align=&#8221;center&#8221; header_2_text_align=&#8221;center&#8221; custom_margin=&#8221;||60px||false|false&#8221; global_colors_info=&#8221;{}&#8221;]<\/p>\n<h2>Meeting 17.2.2025<\/h2>\n<p>[\/et_pb_text][et_pb_blurb use_icon=&#8221;on&#8221; font_icon=&#8221;&#xe0a3;||divi||400&#8243; icon_color=&#8221;#813134&#8243; icon_placement=&#8221;left&#8221; _builder_version=&#8221;4.27.3&#8243; _module_preset=&#8221;default&#8221; body_font_size=&#8221;22px&#8221; locked=&#8221;off&#8221; global_colors_info=&#8221;{}&#8221;]<\/p>\n<p><a href=\"https:\/\/www.youtube.com\/watch?v=IDJpeUCa_Vc\">Lecture by Emeritus Professor Jan Sundberg and Professor Stefan Sj\u00f6blom: Vem styr Gr\u00f6nland?<\/a><\/p>\n<p>[\/et_pb_blurb][et_pb_blurb use_icon=&#8221;on&#8221; font_icon=&#8221;&#xe0a3;||divi||400&#8243; icon_color=&#8221;#813134&#8243; icon_placement=&#8221;left&#8221; _builder_version=&#8221;4.27.3&#8243; _module_preset=&#8221;default&#8221; body_font_size=&#8221;22px&#8221; locked=&#8221;off&#8221; global_colors_info=&#8221;{}&#8221;]<\/p>\n<p><a href=\"https:\/\/www.youtube.com\/watch?v=ydgeevzyUnQ&amp;t=1s\">Lecture by Professor J\u00f6rg Tiedemann: Spr\u00e5k(teknologi) \u00e4r nyckeln till (artificiell) intelligens\u00a0<\/a><\/p>\n<p>[\/et_pb_blurb][et_pb_text _builder_version=&#8221;4.27.3&#8243; _module_preset=&#8221;0cde5546-a697-454a-bb65-88947aee42b6&#8243; text_font=&#8221;Elegant Icon Fonts||||||||&#8221; text_font_size=&#8221;26px&#8221; text_line_height=&#8221;1.3em&#8221; header_font=&#8221;|300|on||||||&#8221; header_text_align=&#8221;center&#8221; header_2_text_align=&#8221;center&#8221; custom_margin=&#8221;||60px||false|false&#8221; global_colors_info=&#8221;{}&#8221;]<\/p>\n<h2><span>AI in Research: Possibilities and Challenges<\/span><span>\u00a0<\/span>13.2.2025<\/h2>\n<p>[\/et_pb_text][et_pb_blurb use_icon=&#8221;on&#8221; font_icon=&#8221;&#xe0a3;||divi||400&#8243; icon_color=&#8221;#813134&#8243; icon_placement=&#8221;left&#8221; _builder_version=&#8221;4.27.3&#8243; _module_preset=&#8221;default&#8221; body_font_size=&#8221;22px&#8221; locked=&#8221;off&#8221; global_colors_info=&#8221;{}&#8221;]<\/p>\n<p><a href=\"https:\/\/scientiarum.fi\/wp-content\/uploads\/2025\/02\/Minna-Ruckenstein.pdf\">Minna Ruckenstein \u2013 The Inconsistencies of AI Futures (pdf)<\/a><\/p>\n<p>[\/et_pb_blurb][et_pb_blurb use_icon=&#8221;on&#8221; font_icon=&#8221;&#xe0a3;||divi||400&#8243; icon_color=&#8221;#813134&#8243; icon_placement=&#8221;left&#8221; _builder_version=&#8221;4.27.3&#8243; _module_preset=&#8221;default&#8221; body_font_size=&#8221;22px&#8221; locked=&#8221;off&#8221; global_colors_info=&#8221;{}&#8221;]<\/p>\n<p><a href=\"https:\/\/scientiarum.fi\/wp-content\/uploads\/2025\/02\/Pii-Telakivi.pdf\">Pii Telakivi \u2013 The Hybrid Thinker: How AI Shapes Reasoning and Decision-Making (pdf)<\/a><\/p>\n<p>[\/et_pb_blurb][et_pb_blurb use_icon=&#8221;on&#8221; font_icon=&#8221;&#xe0a3;||divi||400&#8243; icon_color=&#8221;#813134&#8243; icon_placement=&#8221;left&#8221; _builder_version=&#8221;4.27.3&#8243; _module_preset=&#8221;default&#8221; body_font_size=&#8221;22px&#8221; locked=&#8221;off&#8221; global_colors_info=&#8221;{}&#8221;]<\/p>\n<p><a href=\"https:\/\/scientiarum.fi\/wp-content\/uploads\/2025\/02\/Carl-Gustav-Linden-1.pdf\">Carl-Gustav Lind\u00e9n \u2013 AI and the Disinformation Landscape (pdf)<\/a><\/p>\n<p>[\/et_pb_blurb][et_pb_blurb use_icon=&#8221;on&#8221; font_icon=&#8221;&#xe0a3;||divi||400&#8243; icon_color=&#8221;#813134&#8243; icon_placement=&#8221;left&#8221; _builder_version=&#8221;4.27.3&#8243; _module_preset=&#8221;default&#8221; body_font_size=&#8221;22px&#8221; locked=&#8221;off&#8221; global_colors_info=&#8221;{}&#8221;]<\/p>\n<p><a href=\"https:\/\/scientiarum.fi\/wp-content\/uploads\/2025\/02\/Lundin_Presentation_Scientiarum_2025-1.pdf\"><span>Johan Lundin \u2013 Could AI Provide Global and Equitable Access to Medical Diagnostics? (pdf)<\/span><\/a><\/p>\n<p>[\/et_pb_blurb][et_pb_blurb use_icon=&#8221;on&#8221; font_icon=&#8221;&#xe0a3;||divi||400&#8243; icon_color=&#8221;#813134&#8243; icon_placement=&#8221;left&#8221; _builder_version=&#8221;4.27.3&#8243; _module_preset=&#8221;default&#8221; body_font_size=&#8221;22px&#8221; locked=&#8221;off&#8221; global_colors_info=&#8221;{}&#8221;]<\/p>\n<p><a href=\"https:\/\/scientiarum.fi\/wp-content\/uploads\/2025\/02\/Linda-Mannila-1.pdf\">Linda Mannila \u2013 AI Literacy (pdf)<\/a><\/p>\n<p>[\/et_pb_blurb][et_pb_blurb use_icon=&#8221;on&#8221; font_icon=&#8221;&#xe0a3;||divi||400&#8243; icon_color=&#8221;#813134&#8243; icon_placement=&#8221;left&#8221; _builder_version=&#8221;4.27.3&#8243; _module_preset=&#8221;default&#8221; body_font_size=&#8221;22px&#8221; locked=&#8221;off&#8221; global_colors_info=&#8221;{}&#8221;]<\/p>\n<p><a href=\"https:\/\/scientiarum.fi\/wp-content\/uploads\/2025\/02\/Gustafsson_VetenskapsSociteten_20250213-1.pdf\">Bo Gustafsson \u2013 The Challenge of Restoring the Baltic Sea: Learning From the Past to Find Solutions for the Future (pdf)<\/a><\/p>\n<p>[\/et_pb_blurb][et_pb_blurb use_icon=&#8221;on&#8221; font_icon=&#8221;&#xe0a3;||divi||400&#8243; icon_color=&#8221;#813134&#8243; icon_placement=&#8221;left&#8221; _builder_version=&#8221;4.27.3&#8243; _module_preset=&#8221;default&#8221; body_font_size=&#8221;22px&#8221; locked=&#8221;off&#8221; global_colors_info=&#8221;{}&#8221;]<\/p>\n<p><a href=\"https:\/\/scientiarum.fi\/wp-content\/uploads\/2025\/02\/Veronika-Laippala.pdf\"><span>Veronika Laippala \u2013\u00a0<\/span>AI in the Humanities and Social Sciences: An Efficient but Unreliable Research Assistant? (pdf)<\/a><\/p>\n<p>[\/et_pb_blurb][et_pb_blurb use_icon=&#8221;on&#8221; font_icon=&#8221;&#xe0a3;||divi||400&#8243; icon_color=&#8221;#813134&#8243; icon_placement=&#8221;left&#8221; _builder_version=&#8221;4.27.3&#8243; _module_preset=&#8221;default&#8221; body_font_size=&#8221;22px&#8221; locked=&#8221;off&#8221; global_colors_info=&#8221;{}&#8221;]<\/p>\n<p><a href=\"https:\/\/scientiarum.fi\/wp-content\/uploads\/2025\/02\/Sasu-Tarkoma.pdf\"><span>Sasu Tarkoma \u2013\u00a0<\/span>Deep Learning Software (pdf)<\/a><\/p>\n<p>[\/et_pb_blurb][et_pb_blurb use_icon=&#8221;on&#8221; font_icon=&#8221;&#xe0a3;||divi||400&#8243; icon_color=&#8221;#813134&#8243; icon_placement=&#8221;left&#8221; _builder_version=&#8221;4.27.3&#8243; _module_preset=&#8221;default&#8221; body_font_size=&#8221;22px&#8221; locked=&#8221;off&#8221; global_colors_info=&#8221;{}&#8221;]<\/p>\n<p><a href=\"https:\/\/scientiarum.fi\/wp-content\/uploads\/2025\/02\/Mikael-Collan-1.pdf\"><span>Mikael Collan \u2013\u00a0<\/span>Things to Take into Consideration When Using AI in Research (pdf)<\/a><\/p>\n<p>[\/et_pb_blurb][et_pb_text _builder_version=&#8221;4.27.3&#8243; _module_preset=&#8221;0cde5546-a697-454a-bb65-88947aee42b6&#8243; text_font=&#8221;Elegant Icon Fonts||||||||&#8221; text_font_size=&#8221;26px&#8221; text_line_height=&#8221;1.3em&#8221; header_font=&#8221;|300|on||||||&#8221; header_text_align=&#8221;center&#8221; header_2_text_align=&#8221;center&#8221; custom_margin=&#8221;||60px||false|false&#8221; global_colors_info=&#8221;{}&#8221;]<\/p>\n<h2>Meeting 16.12.2024<\/h2>\n<p>[\/et_pb_text][et_pb_blurb use_icon=&#8221;on&#8221; font_icon=&#8221;&#xe0a3;||divi||400&#8243; icon_color=&#8221;#813134&#8243; icon_placement=&#8221;left&#8221; _builder_version=&#8221;4.27.3&#8243; _module_preset=&#8221;default&#8221; body_font_size=&#8221;22px&#8221; locked=&#8221;off&#8221; global_colors_info=&#8221;{}&#8221;]<\/p>\n<p><a href=\"https:\/\/www.youtube.com\/watch?v=bnroZPGeYro\">Commemorative speech for Henrik Lilius is given by Professor Laura Kolbe\u00a0<\/a><\/p>\n<p>[\/et_pb_blurb][et_pb_blurb use_icon=&#8221;on&#8221; font_icon=&#8221;&#xe0a3;||divi||400&#8243; icon_color=&#8221;#813134&#8243; icon_placement=&#8221;left&#8221; _builder_version=&#8221;4.27.3&#8243; _module_preset=&#8221;default&#8221; body_font_size=&#8221;22px&#8221; locked=&#8221;off&#8221; global_colors_info=&#8221;{}&#8221;]<\/p>\n<p><a href=\"https:\/\/www.youtube.com\/watch?v=EAUgO2Eil5A\">Lecture by Professor Ari Ristim\u00e4ki: Patologin rooli sy\u00f6v\u00e4n hoidossa \u2013 morfologiasta molekyyleihin<\/a><\/p>\n<p>[\/et_pb_blurb][et_pb_blurb use_icon=&#8221;on&#8221; font_icon=&#8221;&#xe0a3;||divi||400&#8243; icon_color=&#8221;#813134&#8243; icon_placement=&#8221;left&#8221; _builder_version=&#8221;4.27.3&#8243; _module_preset=&#8221;default&#8221; body_font_size=&#8221;22px&#8221; locked=&#8221;off&#8221; global_colors_info=&#8221;{}&#8221;]<\/p>\n<p><a href=\"https:\/\/www.youtube.com\/watch?v=e3F_Vy3nI98\">Lecture by Principal Scientist Aki Sinkkonen: Biodiversiteetti-interventioiden nykytila ja tulevaisuuspolkuja<\/a><\/p>\n<p>[\/et_pb_blurb][et_pb_text _builder_version=&#8221;4.27.3&#8243; _module_preset=&#8221;0cde5546-a697-454a-bb65-88947aee42b6&#8243; text_font=&#8221;Elegant Icon Fonts||||||||&#8221; text_font_size=&#8221;26px&#8221; text_line_height=&#8221;1.3em&#8221; header_font=&#8221;|300|on||||||&#8221; header_text_align=&#8221;center&#8221; header_2_text_align=&#8221;center&#8221; custom_margin=&#8221;||60px||false|false&#8221; global_colors_info=&#8221;{}&#8221;]<\/p>\n<h2>Meeting 18.11.2024<\/h2>\n<p>[\/et_pb_text][et_pb_blurb use_icon=&#8221;on&#8221; font_icon=&#8221;&#xe0a3;||divi||400&#8243; icon_color=&#8221;#813134&#8243; icon_placement=&#8221;left&#8221; _builder_version=&#8221;4.27.3&#8243; _module_preset=&#8221;default&#8221; body_font_size=&#8221;22px&#8221; locked=&#8221;off&#8221; global_colors_info=&#8221;{}&#8221;]<\/p>\n<p><a href=\"https:\/\/www.youtube.com\/watch?v=l70q3D00pEY\">Lecture by Professor Hannes Lohi: Geenimets\u00e4ll\u00e4 parhaiden yst\u00e4vien kanssa \u2013 koirien ja kissojen geenitutkimus<\/a><\/p>\n<p>[\/et_pb_blurb][et_pb_blurb use_icon=&#8221;on&#8221; font_icon=&#8221;&#xe0a3;||divi||400&#8243; icon_color=&#8221;#813134&#8243; icon_placement=&#8221;left&#8221; _builder_version=&#8221;4.27.3&#8243; _module_preset=&#8221;default&#8221; body_font_size=&#8221;22px&#8221; locked=&#8221;off&#8221; global_colors_info=&#8221;{}&#8221;]<\/p>\n<p><a href=\"https:\/\/www.youtube.com\/watch?v=0xQlOkf_E2Y\">Lecture by Professor Antti M\u00e4kitie: Humant papillomvirus (HPV) och huvud- och halscancer<\/a><\/p>\n<p>[\/et_pb_blurb][et_pb_text _builder_version=&#8221;4.27.3&#8243; _module_preset=&#8221;0cde5546-a697-454a-bb65-88947aee42b6&#8243; text_font=&#8221;Elegant Icon Fonts||||||||&#8221; text_font_size=&#8221;26px&#8221; text_line_height=&#8221;1.3em&#8221; header_font=&#8221;|300|on||||||&#8221; header_text_align=&#8221;center&#8221; header_2_text_align=&#8221;center&#8221; custom_margin=&#8221;||60px||false|false&#8221; global_colors_info=&#8221;{}&#8221;]<\/p>\n<h2>Meeting 21.10.2024<\/h2>\n<p>[\/et_pb_text][et_pb_blurb use_icon=&#8221;on&#8221; font_icon=&#8221;&#xe0a3;||divi||400&#8243; icon_color=&#8221;#813134&#8243; icon_placement=&#8221;left&#8221; _builder_version=&#8221;4.27.3&#8243; _module_preset=&#8221;default&#8221; body_font_size=&#8221;22px&#8221; locked=&#8221;off&#8221; global_colors_info=&#8221;{}&#8221;]<\/p>\n<p><a href=\"https:\/\/www.youtube.com\/watch?v=bt6CGQwayf0\">Commemorative speech for Sten Berglund is given by Emeritus Professor Jan Sundberg<\/a><\/p>\n<p>[\/et_pb_blurb][et_pb_blurb use_icon=&#8221;on&#8221; font_icon=&#8221;&#xe0a3;||divi||400&#8243; icon_color=&#8221;#813134&#8243; icon_placement=&#8221;left&#8221; _builder_version=&#8221;4.27.3&#8243; _module_preset=&#8221;default&#8221; body_font_size=&#8221;22px&#8221; locked=&#8221;off&#8221; global_colors_info=&#8221;{}&#8221;]<\/p>\n<p><a href=\"https:\/\/www.youtube.com\/watch?v=1oMdXmsWucs&amp;t=44s\">Lecture by Professor Kari Rummukainen: Gravitaatioaaltoja maailmankaikkeuden alkuhetkilt\u00e4<\/a><\/p>\n<p>[\/et_pb_blurb][et_pb_text _builder_version=&#8221;4.27.3&#8243; _module_preset=&#8221;0cde5546-a697-454a-bb65-88947aee42b6&#8243; text_font=&#8221;Elegant Icon Fonts||||||||&#8221; text_font_size=&#8221;26px&#8221; text_line_height=&#8221;1.3em&#8221; header_font=&#8221;|300|on||||||&#8221; header_text_align=&#8221;center&#8221; header_2_text_align=&#8221;center&#8221; custom_margin=&#8221;||60px||false|false&#8221; global_colors_info=&#8221;{}&#8221;]<\/p>\n<h2>Meeting 16.9.2024<\/h2>\n<p>[\/et_pb_text][et_pb_blurb use_icon=&#8221;on&#8221; font_icon=&#8221;&#xe0a3;||divi||400&#8243; icon_color=&#8221;#813134&#8243; icon_placement=&#8221;left&#8221; _builder_version=&#8221;4.27.3&#8243; _module_preset=&#8221;default&#8221; body_font_size=&#8221;22px&#8221; locked=&#8221;off&#8221; global_colors_info=&#8221;{}&#8221;]<\/p>\n<p><a href=\"https:\/\/www.youtube.com\/watch?v=qCgr5mPBwUE&amp;t=7s\">Lecture by Professor Emilia Kilpua: Aurinkomyrskyt (10 faktaa)<\/a><\/p>\n<p>[\/et_pb_blurb][et_pb_blurb use_icon=&#8221;on&#8221; font_icon=&#8221;&#xe0a3;||divi||400&#8243; icon_color=&#8221;#813134&#8243; icon_placement=&#8221;left&#8221; _builder_version=&#8221;4.27.3&#8243; _module_preset=&#8221;default&#8221; body_font_size=&#8221;22px&#8221; locked=&#8221;off&#8221; global_colors_info=&#8221;{}&#8221;]<\/p>\n<p><a href=\"https:\/\/www.youtube.com\/watch?v=MWAqLiUAgFo&amp;t=13s\">Commemorative speech for Jorma Keski-Oja is given by Emeritus Professor Antti Vaheri\u00a0<\/a><\/p>\n<p>[\/et_pb_blurb][et_pb_blurb use_icon=&#8221;on&#8221; font_icon=&#8221;&#xe0a3;||divi||400&#8243; icon_color=&#8221;#813134&#8243; icon_placement=&#8221;left&#8221; _builder_version=&#8221;4.27.3&#8243; _module_preset=&#8221;default&#8221; body_font_size=&#8221;22px&#8221; locked=&#8221;off&#8221; global_colors_info=&#8221;{}&#8221;]<\/p>\n<p><a href=\"https:\/\/www.youtube.com\/watch?v=pAjrJtwr4zE\">Lecture by Professor Miska Luoto: Luonnonmaantiede ja ekosysteemimallinnus <\/a><\/p>\n<p>[\/et_pb_blurb][et_pb_text _builder_version=&#8221;4.27.0&#8243; _module_preset=&#8221;0cde5546-a697-454a-bb65-88947aee42b6&#8243; text_font=&#8221;Elegant Icon Fonts||||||||&#8221; text_font_size=&#8221;26px&#8221; text_line_height=&#8221;1.3em&#8221; header_font=&#8221;|300|on||||||&#8221; header_text_align=&#8221;center&#8221; header_2_text_align=&#8221;center&#8221; custom_margin=&#8221;||60px||false|false&#8221; global_colors_info=&#8221;{}&#8221;]<\/p>\n<h2>Meeting 20.5.2024<\/h2>\n<p>[\/et_pb_text][et_pb_blurb use_icon=&#8221;on&#8221; font_icon=&#8221;&#xe0a3;||divi||400&#8243; icon_color=&#8221;#813134&#8243; icon_placement=&#8221;left&#8221; _builder_version=&#8221;4.27.0&#8243; _module_preset=&#8221;default&#8221; body_font_size=&#8221;22px&#8221; locked=&#8221;off&#8221; global_colors_info=&#8221;{}&#8221;]<a href=\"https:\/\/www.youtube.com\/watch?v=xgzGSaExNj8&amp;t=7s&amp;ab_channel=FinskaVetenskaps-Societeten%2FSuomenTiedeseura\"><span>Lecture by Professor Jessica Rosenholm titled \u201cNanomediciner \u2013 sm\u00e5 l\u00e4kemedel, stora m\u00f6jligheter\u201d<\/span><\/a>[\/et_pb_blurb][et_pb_text _builder_version=&#8221;4.27.0&#8243; _module_preset=&#8221;0cde5546-a697-454a-bb65-88947aee42b6&#8243; text_font=&#8221;Elegant Icon Fonts||||||||&#8221; text_font_size=&#8221;26px&#8221; text_line_height=&#8221;1.3em&#8221; header_font=&#8221;|300|on||||||&#8221; header_text_align=&#8221;center&#8221; header_2_text_align=&#8221;center&#8221; custom_margin=&#8221;||60px||false|false&#8221; global_colors_info=&#8221;{}&#8221;]<\/p>\n<h2>Interview with Professor Bo L\u00f6nnqvist: \u2018Linnaeus in His Lapland Dress\u2019<\/h2>\n<p>[\/et_pb_text][et_pb_blurb use_icon=&#8221;on&#8221; font_icon=&#8221;&#xe0a3;||divi||400&#8243; icon_color=&#8221;#813134&#8243; icon_placement=&#8221;left&#8221; _builder_version=&#8221;4.27.0&#8243; _module_preset=&#8221;default&#8221; body_font_size=&#8221;22px&#8221; locked=&#8221;off&#8221; global_colors_info=&#8221;{}&#8221;]<a href=\"https:\/\/www.youtube.com\/watch?v=AH8aY_V4Jnk&amp;ab_channel=FinskaVetenskaps-Societeten%2FSuomenTiedeseura\"><span>Interview with Professor Bo L\u00f6nnqvist regarding the painting \u2018Linnaeus in His Lapland Dress\u2019<\/span><\/a>[\/et_pb_blurb][et_pb_text _builder_version=&#8221;4.27.0&#8243; _module_preset=&#8221;0cde5546-a697-454a-bb65-88947aee42b6&#8243; text_font=&#8221;Elegant Icon Fonts||||||||&#8221; text_font_size=&#8221;26px&#8221; text_line_height=&#8221;1.3em&#8221; header_font=&#8221;|300|on||||||&#8221; header_text_align=&#8221;center&#8221; header_2_text_align=&#8221;center&#8221; custom_margin=&#8221;||60px||false|false&#8221; global_colors_info=&#8221;{}&#8221;]<\/p>\n<h2>Meeting 18.03.2024<\/h2>\n<p>[\/et_pb_text][et_pb_blurb use_icon=&#8221;on&#8221; font_icon=&#8221;&#xe0a3;||divi||400&#8243; icon_color=&#8221;#813134&#8243; icon_placement=&#8221;left&#8221; _builder_version=&#8221;4.27.0&#8243; _module_preset=&#8221;default&#8221; body_font_size=&#8221;22px&#8221; locked=&#8221;off&#8221; global_colors_info=&#8221;{}&#8221;]<a href=\"https:\/\/www.youtube.com\/watch?v=Z5UkKUGAlgI&amp;ab_channel=FinskaVetenskaps-Societeten%2FSuomenTiedeseura\"><span>Commemorative speech for S\u00f6ren Illman is given by Professor Stig-Olof Londen<\/span><\/a>[\/et_pb_blurb][et_pb_blurb use_icon=&#8221;on&#8221; font_icon=&#8221;&#xe0a3;||divi||400&#8243; icon_color=&#8221;#813134&#8243; icon_placement=&#8221;left&#8221; _builder_version=&#8221;4.27.0&#8243; _module_preset=&#8221;default&#8221; body_font_size=&#8221;22px&#8221; locked=&#8221;off&#8221; global_colors_info=&#8221;{}&#8221;]<a href=\"https:\/\/www.youtube.com\/watch?v=42kt25FzScU&amp;t=13s&amp;ab_channel=FinskaVetenskaps-Societeten%2FSuomenTiedeseura\"><span>Lecture by Associate Professor Indr\u0117 \u017dliobait\u0117 titled \u201cOn the longevity of complex living systems\u201d<\/span><\/a>[\/et_pb_blurb][et_pb_blurb use_icon=&#8221;on&#8221; font_icon=&#8221;&#xe0a3;||divi||400&#8243; icon_color=&#8221;#813134&#8243; icon_placement=&#8221;left&#8221; _builder_version=&#8221;4.27.0&#8243; _module_preset=&#8221;default&#8221; body_font_size=&#8221;22px&#8221; locked=&#8221;off&#8221; global_colors_info=&#8221;{}&#8221;]<a href=\"https:\/\/www.youtube.com\/watch?v=I_-1dsLvJp0&amp;t=6s&amp;ab_channel=FinskaVetenskaps-Societeten%2FSuomenTiedeseura\"><span>Lecture by Professor Craig Primmer titled \u201cEl\u00e4m\u00e4 on valintoja \u2013 geenien ja ymp\u00e4rist\u00f6n vaikutus loheen\u201d<\/span><\/a>[\/et_pb_blurb][et_pb_text _builder_version=&#8221;4.27.0&#8243; _module_preset=&#8221;0cde5546-a697-454a-bb65-88947aee42b6&#8243; text_font=&#8221;Elegant Icon Fonts||||||||&#8221; text_font_size=&#8221;26px&#8221; text_line_height=&#8221;1.3em&#8221; header_font=&#8221;|300|on||||||&#8221; header_text_align=&#8221;center&#8221; header_2_text_align=&#8221;center&#8221; custom_margin=&#8221;||60px||false|false&#8221; global_colors_info=&#8221;{}&#8221;]<\/p>\n<h2>In memoriam Holger Thesleff 15.03.2024<\/h2>\n<p>[\/et_pb_text][et_pb_blurb use_icon=&#8221;on&#8221; font_icon=&#8221;&#xe0a3;||divi||400&#8243; icon_color=&#8221;#813134&#8243; icon_placement=&#8221;left&#8221; _builder_version=&#8221;4.27.0&#8243; _module_preset=&#8221;default&#8221; body_font_size=&#8221;22px&#8221; locked=&#8221;off&#8221; global_colors_info=&#8221;{}&#8221;]<a href=\"https:\/\/www.helsinki.fi\/fi\/unitube\/video\/bb670e79-4d9a-4ac2-86df-c7533af840ae\"><span>Recording of the seminar In memoriam Holger Thesleff, the seminar is in two parts<\/span><\/a>[\/et_pb_blurb][et_pb_text _builder_version=&#8221;4.27.0&#8243; _module_preset=&#8221;0cde5546-a697-454a-bb65-88947aee42b6&#8243; text_font=&#8221;Elegant Icon Fonts||||||||&#8221; text_font_size=&#8221;26px&#8221; text_line_height=&#8221;1.3em&#8221; header_font=&#8221;|300|on||||||&#8221; header_text_align=&#8221;center&#8221; header_2_text_align=&#8221;center&#8221; custom_margin=&#8221;||60px||false|false&#8221; global_colors_info=&#8221;{}&#8221;]<\/p>\n<h2>Meeting 19.02.2024<\/h2>\n<p>[\/et_pb_text][et_pb_blurb use_icon=&#8221;on&#8221; font_icon=&#8221;&#xe0a3;||divi||400&#8243; icon_color=&#8221;#813134&#8243; icon_placement=&#8221;left&#8221; _builder_version=&#8221;4.27.0&#8243; _module_preset=&#8221;default&#8221; body_font_size=&#8221;22px&#8221; locked=&#8221;off&#8221; global_colors_info=&#8221;{}&#8221;]<a href=\"https:\/\/www.youtube.com\/watch?v=QM6VtmoBU10&amp;ab_channel=FinskaVetenskaps-Societeten%2FSuomenTiedeseura\"><span>Commemorative speech for Professor M\u00e5rten Wikstr\u00f6m is given by Ville Kaila<\/span><\/a>[\/et_pb_blurb][et_pb_blurb use_icon=&#8221;on&#8221; font_icon=&#8221;&#xe0a3;||divi||400&#8243; icon_color=&#8221;#813134&#8243; icon_placement=&#8221;left&#8221; _builder_version=&#8221;4.27.0&#8243; _module_preset=&#8221;default&#8221; body_font_size=&#8221;22px&#8221; locked=&#8221;off&#8221; global_colors_info=&#8221;{}&#8221;]<a href=\"https:\/\/www.youtube.com\/watch?v=xCGdxpGP660&amp;ab_channel=FinskaVetenskaps-Societeten%2FSuomenTiedeseura\"><span>Lecture by Jouko Rikkinen titled \u201cSienten kirjo muinaisissa meripihkametsiss\u00e4\u201d<\/span><\/a>[\/et_pb_blurb][et_pb_blurb use_icon=&#8221;on&#8221; font_icon=&#8221;&#xe0a3;||divi||400&#8243; icon_color=&#8221;#813134&#8243; icon_placement=&#8221;left&#8221; _builder_version=&#8221;4.27.0&#8243; _module_preset=&#8221;default&#8221; body_font_size=&#8221;22px&#8221; locked=&#8221;off&#8221; global_colors_info=&#8221;{}&#8221;]<a href=\"https:\/\/www.youtube.com\/watch?v=HvHsfZImdmY&amp;ab_channel=FinskaVetenskaps-Societeten%2FSuomenTiedeseura\"><span>Lecture by Theo Kurt\u00e9n titled \u201cAtmosf\u00e4risk aerosolkemi: hur l\u00e5ngsam f\u00f6rbr\u00e4nning g\u00f6r \u00e5ngor klibbigare\u201d<\/span><\/a>[\/et_pb_blurb][et_pb_text _builder_version=&#8221;4.27.0&#8243; _module_preset=&#8221;0cde5546-a697-454a-bb65-88947aee42b6&#8243; text_font=&#8221;Elegant Icon Fonts||||||||&#8221; text_font_size=&#8221;26px&#8221; text_line_height=&#8221;1.3em&#8221; header_font=&#8221;|300|on||||||&#8221; header_text_align=&#8221;center&#8221; header_2_text_align=&#8221;center&#8221; custom_margin=&#8221;||60px||false|false&#8221; global_colors_info=&#8221;{}&#8221;]<\/p>\n<h2>Meeting 15.01.2024<\/h2>\n<p>[\/et_pb_text][et_pb_blurb use_icon=&#8221;on&#8221; font_icon=&#8221;&#xe0a3;||divi||400&#8243; icon_color=&#8221;#813134&#8243; icon_placement=&#8221;left&#8221; _builder_version=&#8221;4.27.0&#8243; _module_preset=&#8221;default&#8221; body_font_size=&#8221;22px&#8221; locked=&#8221;off&#8221; global_colors_info=&#8221;{}&#8221;]<a href=\"https:\/\/www.youtube.com\/watch?v=XJDttr8F11o&amp;t=1s&amp;ab_channel=FinskaVetenskaps-Societeten%2FSuomenTiedeseura\"><span>Commemorative speech for Professor Nils Stor\u00e5 is given by Anna-Maria \u00c5str\u00f6m<\/span><\/a>[\/et_pb_blurb][et_pb_blurb use_icon=&#8221;on&#8221; font_icon=&#8221;&#xe0a3;||divi||400&#8243; icon_color=&#8221;#813134&#8243; icon_placement=&#8221;left&#8221; _builder_version=&#8221;4.27.0&#8243; _module_preset=&#8221;default&#8221; body_font_size=&#8221;22px&#8221; locked=&#8221;off&#8221; global_colors_info=&#8221;{}&#8221;]<a href=\"https:\/\/www.youtube.com\/watch?v=tTYjgjNhVM8&amp;t=16s&amp;ab_channel=FinskaVetenskaps-Societeten%2FSuomenTiedeseura\"><span>Commemorative speech for Professor Pirjo Sew\u00f3n is given by Mats Gyllenberg<\/span><\/a>[\/et_pb_blurb][et_pb_blurb use_icon=&#8221;on&#8221; font_icon=&#8221;&#xe0a3;||divi||400&#8243; icon_color=&#8221;#813134&#8243; icon_placement=&#8221;left&#8221; _builder_version=&#8221;4.27.0&#8243; _module_preset=&#8221;default&#8221; body_font_size=&#8221;22px&#8221; locked=&#8221;off&#8221; global_colors_info=&#8221;{}&#8221;]<a href=\"https:\/\/www.youtube.com\/watch?v=C0RTEdKovHM&amp;ab_channel=FinskaVetenskaps-Societeten%2FSuomenTiedeseura\"><span>Commemorative speech for Professor Bengt Stenlund is given by Mikko Hupa<\/span><\/a>[\/et_pb_blurb][et_pb_text _builder_version=&#8221;4.27.0&#8243; _module_preset=&#8221;0cde5546-a697-454a-bb65-88947aee42b6&#8243; text_font=&#8221;Elegant Icon Fonts||||||||&#8221; text_font_size=&#8221;26px&#8221; text_line_height=&#8221;1.3em&#8221; header_font=&#8221;|300|on||||||&#8221; header_text_align=&#8221;center&#8221; header_2_text_align=&#8221;center&#8221; custom_margin=&#8221;||60px||false|false&#8221; global_colors_info=&#8221;{}&#8221;]<\/p>\n<h2>Meeting 18.12.2023<\/h2>\n<p>[\/et_pb_text][et_pb_blurb use_icon=&#8221;on&#8221; font_icon=&#8221;&#xe0a3;||divi||400&#8243; icon_color=&#8221;#813134&#8243; icon_placement=&#8221;left&#8221; _builder_version=&#8221;4.27.0&#8243; _module_preset=&#8221;default&#8221; body_font_size=&#8221;22px&#8221; locked=&#8221;off&#8221; global_colors_info=&#8221;{}&#8221;]<a href=\"https:\/\/www.youtube.com\/watch?v=YXnKasFszno&amp;ab_channel=FinskaVetenskaps-Societeten%2FSuomenTiedeseura\"><span>Lecture by Mikael Fogelholm titled \u201cAsiakasetukorttien ker\u00e4\u00e4m\u00e4 ruokaostosdata tieteellisen tutkimuksen v\u00e4lineen\u00e4: LoCard tutkimus\u201d<\/span><\/a>[\/et_pb_blurb][et_pb_blurb use_icon=&#8221;on&#8221; font_icon=&#8221;&#xe0a3;||divi||400&#8243; icon_color=&#8221;#813134&#8243; icon_placement=&#8221;left&#8221; _builder_version=&#8221;4.27.0&#8243; _module_preset=&#8221;default&#8221; body_font_size=&#8221;22px&#8221; locked=&#8221;off&#8221; global_colors_info=&#8221;{}&#8221;]<a href=\"https:\/\/www.youtube.com\/watch?v=PeJ5FOhRrOM&amp;t=9s&amp;ab_channel=FinskaVetenskaps-Societeten%2FSuomenTiedeseura\"><span>Lecture by Eva Heiskanen titled \u201cKest\u00e4vien kulutusk\u00e4yt\u00e4nt\u00f6jen levi\u00e4minen: latenttien verkostojen merkitys\u201d<\/span><\/a>[\/et_pb_blurb][et_pb_text _builder_version=&#8221;4.27.0&#8243; _module_preset=&#8221;0cde5546-a697-454a-bb65-88947aee42b6&#8243; text_font=&#8221;Elegant Icon Fonts||||||||&#8221; text_font_size=&#8221;26px&#8221; text_line_height=&#8221;1.3em&#8221; header_font=&#8221;|300|on||||||&#8221; header_text_align=&#8221;center&#8221; header_2_text_align=&#8221;center&#8221; custom_margin=&#8221;||60px||false|false&#8221; global_colors_info=&#8221;{}&#8221;]<\/p>\n<h2>Meeting 20.11.2023<\/h2>\n<p>[\/et_pb_text][et_pb_blurb use_icon=&#8221;on&#8221; font_icon=&#8221;&#xe0a3;||divi||400&#8243; icon_color=&#8221;#813134&#8243; icon_placement=&#8221;left&#8221; _builder_version=&#8221;4.27.0&#8243; _module_preset=&#8221;default&#8221; body_font_size=&#8221;22px&#8221; locked=&#8221;off&#8221; global_colors_info=&#8221;{}&#8221;]<a href=\"https:\/\/www.youtube.com\/watch?v=sdtxmXlSfm8&amp;ab_channel=FinskaVetenskaps-Societeten%2FSuomenTiedeseura\"><span>Commemorative speech for Professor Holger Thesleff is given by Mika Kajava<\/span><\/a>[\/et_pb_blurb][et_pb_blurb use_icon=&#8221;on&#8221; font_icon=&#8221;&#xe0a3;||divi||400&#8243; icon_color=&#8221;#813134&#8243; icon_placement=&#8221;left&#8221; _builder_version=&#8221;4.27.0&#8243; _module_preset=&#8221;default&#8221; body_font_size=&#8221;22px&#8221; locked=&#8221;off&#8221; global_colors_info=&#8221;{}&#8221;]<a href=\"https:\/\/www.youtube.com\/watch?v=AeRxeGGPELg&amp;t=1498s&amp;ab_channel=FinskaVetenskaps-Societeten%2FSuomenTiedeseura\"><span>Lecture by Minna Palmroth titled \u201dAvaruus on uusi musta\u201d<\/span><\/a>[\/et_pb_blurb][et_pb_text _builder_version=&#8221;4.27.0&#8243; _module_preset=&#8221;0cde5546-a697-454a-bb65-88947aee42b6&#8243; text_font=&#8221;Elegant Icon Fonts||||||||&#8221; text_font_size=&#8221;26px&#8221; text_line_height=&#8221;1.3em&#8221; header_font=&#8221;|300|on||||||&#8221; header_text_align=&#8221;center&#8221; header_2_text_align=&#8221;center&#8221; custom_margin=&#8221;||60px||false|false&#8221; global_colors_info=&#8221;{}&#8221;]<\/p>\n<h2>TKI-rahoitus kasvaa \u2013 Miten potti jaetaan?<\/h2>\n<p>[\/et_pb_text][et_pb_blurb use_icon=&#8221;on&#8221; font_icon=&#8221;&#xe0a3;||divi||400&#8243; icon_color=&#8221;#813134&#8243; icon_placement=&#8221;left&#8221; _builder_version=&#8221;4.27.0&#8243; _module_preset=&#8221;default&#8221; body_font_size=&#8221;22px&#8221; locked=&#8221;off&#8221; global_colors_info=&#8221;{}&#8221;]<a href=\"https:\/\/www.youtube.com\/watch?v=2B8NbzlJGec&amp;ab_channel=FinskaVetenskaps-Societeten%2FSuomenTiedeseura\"><span>TKI-rahoitus kasvaa \u2013 Miten potti jaetaan?<\/span><\/a>[\/et_pb_blurb][et_pb_text _builder_version=&#8221;4.27.0&#8243; _module_preset=&#8221;0cde5546-a697-454a-bb65-88947aee42b6&#8243; text_font=&#8221;Elegant Icon Fonts||||||||&#8221; text_font_size=&#8221;26px&#8221; text_line_height=&#8221;1.3em&#8221; header_font=&#8221;|300|on||||||&#8221; header_text_align=&#8221;center&#8221; header_2_text_align=&#8221;center&#8221; custom_margin=&#8221;||60px||false|false&#8221; global_colors_info=&#8221;{}&#8221;]<\/p>\n<h2>Collection. History of Science in Finland<\/h2>\n<p>[\/et_pb_text][et_pb_blurb use_icon=&#8221;on&#8221; font_icon=&#8221;&#xe0a3;||divi||400&#8243; icon_color=&#8221;#813134&#8243; icon_placement=&#8221;left&#8221; _builder_version=&#8221;4.27.0&#8243; _module_preset=&#8221;default&#8221; body_font_size=&#8221;22px&#8221; global_colors_info=&#8221;{}&#8221;]<\/p>\n<p><a href=\"https:\/\/www.youtube.com\/watch?v=sAXX2ODQR_o&amp;t=15s&amp;ab_channel=FinskaVetenskaps-Societeten%2FSuomenTiedeseura\"><span>Stefan Nyg\u00e5rd discusses the project &#8220;History of Science in Finland&#8221;<\/span><\/a><\/p>\n<p>[\/et_pb_blurb][et_pb_text _builder_version=&#8221;4.22.1&#8243; _module_preset=&#8221;0cde5546-a697-454a-bb65-88947aee42b6&#8243; text_font=&#8221;Elegant Icon Fonts||||||||&#8221; text_font_size=&#8221;26px&#8221; text_line_height=&#8221;1.3em&#8221; header_font=&#8221;|300|on||||||&#8221; header_text_align=&#8221;center&#8221; header_2_text_align=&#8221;center&#8221; custom_margin=&#8221;||60px||false|false&#8221; global_colors_info=&#8221;{}&#8221;]<\/p>\n<h2>Author interview: Professor Hannu K. Riikonen<\/h2>\n<p>[\/et_pb_text][et_pb_blurb use_icon=&#8221;on&#8221; font_icon=&#8221;&#xe0a3;||divi||400&#8243; icon_color=&#8221;#813134&#8243; icon_placement=&#8221;left&#8221; _builder_version=&#8221;4.22.1&#8243; _module_preset=&#8221;default&#8221; body_font_size=&#8221;22px&#8221; global_colors_info=&#8221;{}&#8221;]<\/p>\n<p><a href=\"https:\/\/www.youtube.com\/watch?v=DGVpRgktcQI&amp;ab_channel=FinskaVetenskaps-Societeten%2FSuomenTiedeseura\"><span>Professor Hannu K. Riikonen discusses the book &#8220;Olof Hermelin. Hecatompolis Svionum. Ruotsalaisten sata kaupunkia: Suomen, Karjalan ja Inkerinmaan kaupungit sek\u00e4 muita runoja It\u00e4meren piirist\u00e4&#8221;<\/span><\/a><\/p>\n<p>[\/et_pb_blurb][et_pb_text _builder_version=&#8221;4.22.1&#8243; _module_preset=&#8221;0cde5546-a697-454a-bb65-88947aee42b6&#8243; text_font=&#8221;Elegant Icon Fonts||||||||&#8221; text_font_size=&#8221;26px&#8221; text_line_height=&#8221;1.3em&#8221; header_font=&#8221;|300|on||||||&#8221; header_text_align=&#8221;center&#8221; header_2_text_align=&#8221;center&#8221; custom_margin=&#8221;||60px||false|false&#8221; global_colors_info=&#8221;{}&#8221;]<\/p>\n<h2>Symposium 12.10.2023: Litium &#8211; p\u00e4rj\u00e4\u00e4mmek\u00f6 ilman?<\/h2>\n<p>[\/et_pb_text][et_pb_blurb icon_placement=&#8221;left&#8221; _builder_version=&#8221;4.27.0&#8243; _module_preset=&#8221;default&#8221; body_font_size=&#8221;22px&#8221; global_colors_info=&#8221;{}&#8221;]No video of the symposium is available, but kindly find the PowerPoints below:[\/et_pb_blurb][et_pb_blurb use_icon=&#8221;on&#8221; font_icon=&#8221;&#xe0a3;||divi||400&#8243; icon_color=&#8221;#813134&#8243; icon_placement=&#8221;left&#8221; _builder_version=&#8221;4.22.1&#8243; _module_preset=&#8221;default&#8221; body_font_size=&#8221;22px&#8221; global_colors_info=&#8221;{}&#8221;]<\/p>\n<p><a href=\"https:\/\/scientiarum.fi\/wp-content\/uploads\/2023\/10\/1-Peltonen.pptx\">Petri Peltonen: Litiumin esiintyminen maapallolla<\/a><\/p>\n<p>[\/et_pb_blurb][et_pb_blurb use_icon=&#8221;on&#8221; font_icon=&#8221;&#xe0a3;||divi||400&#8243; icon_color=&#8221;#813134&#8243; icon_placement=&#8221;left&#8221; _builder_version=&#8221;4.22.1&#8243; _module_preset=&#8221;default&#8221; body_font_size=&#8221;22px&#8221; global_colors_info=&#8221;{}&#8221;]<\/p>\n<p><a href=\"https:\/\/scientiarum.fi\/wp-content\/uploads\/2023\/10\/2-Kokko.pptx\">Kaivoslaki &#8211; Kai Kokko, Helsingin yliopiston ymp\u00e4rist\u00f6oikeuden professori.<\/a><a href=\"https:\/\/scientiarum.fi\/wp-content\/uploads\/2023\/10\/1-Peltonen.pptx\"><\/a><\/p>\n<p>[\/et_pb_blurb][et_pb_blurb use_icon=&#8221;on&#8221; font_icon=&#8221;&#xe0a3;||divi||400&#8243; icon_color=&#8221;#813134&#8243; icon_placement=&#8221;left&#8221; _builder_version=&#8221;4.22.1&#8243; _module_preset=&#8221;default&#8221; body_font_size=&#8221;22px&#8221; global_colors_info=&#8221;{}&#8221;]<\/p>\n<p><a href=\"https:\/\/scientiarum.fi\/wp-content\/uploads\/2023\/10\/3-Rantamaki.pptx\">Litium l\u00e4\u00e4kkeen\u00e4 &#8211; Tomi Rantam\u00e4ki, Helsingin yliopiston farmakologian professori.<\/a><a href=\"https:\/\/scientiarum.fi\/wp-content\/uploads\/2023\/10\/2-Kokko.pptx\"><\/a><a href=\"https:\/\/scientiarum.fi\/wp-content\/uploads\/2023\/10\/1-Peltonen.pptx\"><\/a><\/p>\n<p>[\/et_pb_blurb][et_pb_blurb use_icon=&#8221;on&#8221; font_icon=&#8221;&#xe0a3;||divi||400&#8243; icon_color=&#8221;#813134&#8243; icon_placement=&#8221;left&#8221; _builder_version=&#8221;4.22.1&#8243; _module_preset=&#8221;default&#8221; body_font_size=&#8221;22px&#8221; global_colors_info=&#8221;{}&#8221;]<\/p>\n<p><a href=\"https:\/\/scientiarum.fi\/wp-content\/uploads\/2023\/10\/4-Kallio.pptx\">Litiumakun toiminta &#8211; Tanja Kallio, Aalto-yliopiston s\u00e4hk\u00f6kemian professori<\/a><a href=\"https:\/\/scientiarum.fi\/wp-content\/uploads\/2023\/10\/3-Rantamaki.pptx\"><\/a><a href=\"https:\/\/scientiarum.fi\/wp-content\/uploads\/2023\/10\/1-Peltonen.pptx\"><\/a><\/p>\n<p>[\/et_pb_blurb][et_pb_blurb use_icon=&#8221;on&#8221; font_icon=&#8221;&#xe0a3;||divi||400&#8243; icon_color=&#8221;#813134&#8243; icon_placement=&#8221;left&#8221; _builder_version=&#8221;4.22.1&#8243; _module_preset=&#8221;default&#8221; body_font_size=&#8221;22px&#8221; global_colors_info=&#8221;{}&#8221;]<\/p>\n<p><a href=\"https:\/\/scientiarum.fi\/fin\/wp-content\/uploads\/sites\/2\/2023\/10\/5-Brown.pdf\">Sodium battery &#8211; David Brown, CEO, Broadbit Batteries<\/a><a href=\"https:\/\/scientiarum.fi\/wp-content\/uploads\/2023\/10\/4-Kallio.pptx\"><\/a><a href=\"https:\/\/scientiarum.fi\/wp-content\/uploads\/2023\/10\/1-Peltonen.pptx\"><\/a><\/p>\n<p>[\/et_pb_blurb][et_pb_blurb use_icon=&#8221;on&#8221; font_icon=&#8221;&#xe0a3;||divi||400&#8243; icon_color=&#8221;#813134&#8243; icon_placement=&#8221;left&#8221; _builder_version=&#8221;4.22.1&#8243; _module_preset=&#8221;default&#8221; body_font_size=&#8221;22px&#8221; global_colors_info=&#8221;{}&#8221;]<\/p>\n<p><a href=\"https:\/\/scientiarum.fi\/fin\/wp-content\/uploads\/sites\/2\/2023\/10\/6-Peljo.pptx\">Virtausakku &#8211; Pekka Peljo, Turun yliopiston materiaalitekniikan apulaisprofessori.<\/a><a href=\"https:\/\/scientiarum.fi\/fin\/wp-content\/uploads\/sites\/2\/2023\/10\/5-Brown.pdf\"><\/a><a href=\"https:\/\/scientiarum.fi\/wp-content\/uploads\/2023\/10\/1-Peltonen.pptx\"><\/a><\/p>\n<p>[\/et_pb_blurb][et_pb_text _builder_version=&#8221;4.27.0&#8243; _module_preset=&#8221;0cde5546-a697-454a-bb65-88947aee42b6&#8243; text_font=&#8221;Elegant Icon Fonts||||||||&#8221; text_font_size=&#8221;26px&#8221; text_line_height=&#8221;1.3em&#8221; header_font=&#8221;|300|on||||||&#8221; header_text_align=&#8221;center&#8221; header_2_text_align=&#8221;center&#8221; custom_margin=&#8221;||60px||false|false&#8221; global_colors_info=&#8221;{}&#8221;]<\/p>\n<h2>Meeting 16.10.2023<\/h2>\n<p>[\/et_pb_text][et_pb_blurb use_icon=&#8221;on&#8221; font_icon=&#8221;&#xe0a3;||divi||400&#8243; icon_color=&#8221;#813134&#8243; icon_placement=&#8221;left&#8221; _builder_version=&#8221;4.27.0&#8243; _module_preset=&#8221;default&#8221; body_font_size=&#8221;22px&#8221; global_colors_info=&#8221;{}&#8221;]<\/p>\n<p><a href=\"https:\/\/www.youtube.com\/watch?v=QwlS1XbwD_8&amp;ab_channel=FinskaVetenskaps-Societeten%2FSuomenTiedeseura\">Eeva Furman: Sotkuinen maailma tutkimuskohteena \u2013 kest\u00e4vyystutkimuksen poluilla<\/a><\/p>\n<p>[\/et_pb_blurb][et_pb_blurb use_icon=&#8221;on&#8221; font_icon=&#8221;&#xe0a3;||divi||400&#8243; icon_color=&#8221;#813134&#8243; icon_placement=&#8221;left&#8221; _builder_version=&#8221;4.22.1&#8243; _module_preset=&#8221;default&#8221; body_font_size=&#8221;22px&#8221; global_colors_info=&#8221;{}&#8221;]<\/p>\n<p><a href=\"https:\/\/www.youtube.com\/watch?v=mdR5kEih75w&amp;t=7s&amp;ab_channel=FinskaVetenskaps-Societeten%2FSuomenTiedeseura\">Karl-Erik Michelsen: Teollisuus \u2013 modernin yhteiskunnan tuntematon ilmi\u00f6<\/a><\/p>\n<p>[\/et_pb_blurb][et_pb_text _builder_version=&#8221;4.21.0&#8243; _module_preset=&#8221;0cde5546-a697-454a-bb65-88947aee42b6&#8243; text_font=&#8221;Elegant Icon Fonts||||||||&#8221; text_font_size=&#8221;26px&#8221; text_line_height=&#8221;1.3em&#8221; header_font=&#8221;|300|on||||||&#8221; header_text_align=&#8221;center&#8221; header_2_text_align=&#8221;center&#8221; custom_margin=&#8221;||60px||false|false&#8221; global_colors_info=&#8221;{}&#8221;]<\/p>\n<h2>Climate and Adaptation Symposium 28.9.2023<\/h2>\n<p>[\/et_pb_text][et_pb_blurb use_icon=&#8221;on&#8221; font_icon=&#8221;&#xe0a3;||divi||400&#8243; icon_color=&#8221;#813134&#8243; icon_placement=&#8221;left&#8221; _builder_version=&#8221;4.27.0&#8243; _module_preset=&#8221;default&#8221; body_font_size=&#8221;22px&#8221; global_colors_info=&#8221;{}&#8221;]<\/p>\n<p><a href=\"https:\/\/www.youtube.com\/watch?v=Np9_6DPt6A4&amp;t=1618s&amp;ab_channel=FinskaVetenskaps-Societeten%2FSuomenTiedeseura\">Lecture by Timo Vesala: The Biosphere and Climate Change<\/a><\/p>\n<p>[\/et_pb_blurb][et_pb_blurb use_icon=&#8221;on&#8221; font_icon=&#8221;&#xe0a3;||divi||400&#8243; icon_color=&#8221;#813134&#8243; icon_placement=&#8221;left&#8221; _builder_version=&#8221;4.22.1&#8243; _module_preset=&#8221;default&#8221; body_font_size=&#8221;22px&#8221; global_colors_info=&#8221;{}&#8221;]<\/p>\n<p><a href=\"https:\/\/www.youtube.com\/watch?v=sTYSzani_N8&amp;t=169s&amp;ab_channel=FinskaVetenskaps-Societeten%2FSuomenTiedeseura\">Lecture by Magnus Nystr\u00f6m: Biosphere Resilience in the Anthropocene \u2013 Biosf\u00e4rens resiliens i Antropocen<\/a><\/p>\n<p>[\/et_pb_blurb][et_pb_blurb use_icon=&#8221;on&#8221; font_icon=&#8221;&#xe0a3;||divi||400&#8243; icon_color=&#8221;#813134&#8243; icon_placement=&#8221;left&#8221; _builder_version=&#8221;4.22.1&#8243; _module_preset=&#8221;default&#8221; body_font_size=&#8221;22px&#8221; global_colors_info=&#8221;{}&#8221;]<\/p>\n<p><a href=\"https:\/\/www.youtube.com\/watch?v=NNj6KKzDqNg&amp;ab_channel=FinskaVetenskaps-Societeten%2FSuomenTiedeseura\">Lecture by Johanna Tamminen: Greenhouse Gases and Air Pollution as Seen by Satellites<\/a><\/p>\n<p>[\/et_pb_blurb][et_pb_blurb use_icon=&#8221;on&#8221; font_icon=&#8221;&#xe0a3;||divi||400&#8243; icon_color=&#8221;#813134&#8243; icon_placement=&#8221;left&#8221; _builder_version=&#8221;4.22.1&#8243; _module_preset=&#8221;default&#8221; body_font_size=&#8221;22px&#8221; global_colors_info=&#8221;{}&#8221;]<\/p>\n<p><a href=\"https:\/\/www.youtube.com\/watch?v=mF_TVPak6Co&amp;ab_channel=FinskaVetenskaps-Societeten%2FSuomenTiedeseura\">Lecture by Mikael Fortelius: Invasiva och utrotningshotade arter i ett l\u00e5ngt tidsperspektiv<\/a><\/p>\n<p>[\/et_pb_blurb][et_pb_blurb use_icon=&#8221;on&#8221; font_icon=&#8221;&#xe0a3;||divi||400&#8243; icon_color=&#8221;#813134&#8243; icon_placement=&#8221;left&#8221; _builder_version=&#8221;4.22.1&#8243; _module_preset=&#8221;default&#8221; body_font_size=&#8221;22px&#8221; global_colors_info=&#8221;{}&#8221;]<\/p>\n<p><a href=\"https:\/\/www.youtube.com\/watch?v=yCH-LJDyL9M&amp;ab_channel=FinskaVetenskaps-Societeten%2FSuomenTiedeseura\">Lecture by Anna T\u00f6rnroos Remes: Brytpunkter i marin biodiversitet \u2013 l\u00e4rdomar fr\u00e5n \u00d6stersj\u00f6n och Arktis<\/a><\/p>\n<p>[\/et_pb_blurb][et_pb_blurb use_icon=&#8221;on&#8221; font_icon=&#8221;&#xe0a3;||divi||400&#8243; icon_color=&#8221;#813134&#8243; icon_placement=&#8221;left&#8221; _builder_version=&#8221;4.22.1&#8243; _module_preset=&#8221;default&#8221; body_font_size=&#8221;22px&#8221; global_colors_info=&#8221;{}&#8221;]<\/p>\n<p><a href=\"https:\/\/www.youtube.com\/watch?v=92IsLv_rgng&amp;t=3s&amp;ab_channel=FinskaVetenskaps-Societeten%2FSuomenTiedeseura\">Lecture by Alf Norkko: Kustekosystem i snabb f\u00f6r\u00e4ndring \u2013 hur p\u00e5verkar det kols\u00e4nkorna?<\/a><\/p>\n<p>[\/et_pb_blurb][et_pb_blurb use_icon=&#8221;on&#8221; font_icon=&#8221;&#xe0a3;||divi||400&#8243; icon_color=&#8221;#813134&#8243; icon_placement=&#8221;left&#8221; _builder_version=&#8221;4.22.1&#8243; _module_preset=&#8221;default&#8221; body_font_size=&#8221;22px&#8221; global_colors_info=&#8221;{}&#8221;]<\/p>\n<p><a href=\"https:\/\/www.youtube.com\/watch?v=Tj00-TeBLQc&amp;ab_channel=FinskaVetenskaps-Societeten%2FSuomenTiedeseura\">Lecture by Kristina Lindstr\u00f6m: Matproduktion &amp; planet\u00e4ra gr\u00e4nser<\/a><\/p>\n<p>[\/et_pb_blurb][et_pb_blurb use_icon=&#8221;on&#8221; font_icon=&#8221;&#xe0a3;||divi||400&#8243; icon_color=&#8221;#813134&#8243; icon_placement=&#8221;left&#8221; _builder_version=&#8221;4.22.1&#8243; _module_preset=&#8221;default&#8221; body_font_size=&#8221;22px&#8221; global_colors_info=&#8221;{}&#8221;]<\/p>\n<p><a href=\"https:\/\/www.youtube.com\/watch?v=UJ1JoIccYB8&amp;t=145s&amp;ab_channel=FinskaVetenskaps-Societeten%2FSuomenTiedeseura\">Lecture by John Sumelius: Hur kan livsmedelsf\u00f6rs\u00f6rjningen i v\u00e4rlden tryggas i harmoni med de globala m\u00e5len?<\/a><\/p>\n<p>[\/et_pb_blurb][et_pb_blurb use_icon=&#8221;on&#8221; font_icon=&#8221;&#xe0a3;||divi||400&#8243; icon_color=&#8221;#813134&#8243; icon_placement=&#8221;left&#8221; _builder_version=&#8221;4.22.1&#8243; _module_preset=&#8221;default&#8221; body_font_size=&#8221;22px&#8221; global_colors_info=&#8221;{}&#8221;]<\/p>\n<p><a href=\"https:\/\/www.youtube.com\/watch?v=0aeCVqObYMc&amp;ab_channel=FinskaVetenskaps-Societeten%2FSuomenTiedeseura\">Lecture by Mila Sell: Globala effekter genom lokala l\u00f6sningar? Erfarenhet fr\u00e5n Afrika<\/a><\/p>\n<p>[\/et_pb_blurb][et_pb_blurb use_icon=&#8221;on&#8221; font_icon=&#8221;&#xe0a3;||divi||400&#8243; icon_color=&#8221;#813134&#8243; icon_placement=&#8221;left&#8221; _builder_version=&#8221;4.22.1&#8243; _module_preset=&#8221;default&#8221; body_font_size=&#8221;22px&#8221; global_colors_info=&#8221;{}&#8221;]<\/p>\n<p><a href=\"https:\/\/www.youtube.com\/watch?v=r0XoXMXQ7dk&amp;ab_channel=FinskaVetenskaps-Societeten%2FSuomenTiedeseura\">Lecture by Juuso Joona: Carbon Sinks in Agriculture<\/a><\/p>\n<p>[\/et_pb_blurb][et_pb_blurb use_icon=&#8221;on&#8221; font_icon=&#8221;&#xe0a3;||divi||400&#8243; icon_color=&#8221;#813134&#8243; icon_placement=&#8221;left&#8221; _builder_version=&#8221;4.22.1&#8243; _module_preset=&#8221;default&#8221; body_font_size=&#8221;22px&#8221; global_colors_info=&#8221;{}&#8221;]<\/p>\n<p><a href=\"https:\/\/www.youtube.com\/watch?v=cWNxDXtTDpU&amp;t=1s&amp;ab_channel=FinskaVetenskaps-Societeten%2FSuomenTiedeseura\">Lecture by Aki Sinkkonen: Changing Living Environment and Immune Response \u2013 Correlations or Causalities?<\/a><\/p>\n<p>[\/et_pb_blurb][et_pb_blurb use_icon=&#8221;on&#8221; font_icon=&#8221;&#xe0a3;||divi||400&#8243; icon_color=&#8221;#813134&#8243; icon_placement=&#8221;left&#8221; _builder_version=&#8221;4.22.1&#8243; _module_preset=&#8221;default&#8221; body_font_size=&#8221;22px&#8221; global_colors_info=&#8221;{}&#8221;]<\/p>\n<p><a href=\"https:\/\/www.youtube.com\/watch?v=DuXKkSN666c&amp;t=2s&amp;ab_channel=FinskaVetenskaps-Societeten%2FSuomenTiedeseura\">Lecture by Tarja Sironen: Emerging viral threats to One Health<\/a><\/p>\n<p>[\/et_pb_blurb][et_pb_blurb use_icon=&#8221;on&#8221; font_icon=&#8221;&#xe0a3;||divi||400&#8243; icon_color=&#8221;#813134&#8243; icon_placement=&#8221;left&#8221; _builder_version=&#8221;4.22.1&#8243; _module_preset=&#8221;default&#8221; body_font_size=&#8221;22px&#8221; global_colors_info=&#8221;{}&#8221;]<\/p>\n<p><a href=\"https:\/\/www.youtube.com\/watch?v=OAvgNN2Xvo4&amp;ab_channel=FinskaVetenskaps-Societeten%2FSuomenTiedeseura\">Lecture by Tari Haahtela: Biodiversity and health<\/a><\/p>\n<p>[\/et_pb_blurb][et_pb_blurb use_icon=&#8221;on&#8221; font_icon=&#8221;&#xe0a3;||divi||400&#8243; icon_color=&#8221;#813134&#8243; icon_placement=&#8221;left&#8221; _builder_version=&#8221;4.22.1&#8243; _module_preset=&#8221;default&#8221; body_font_size=&#8221;22px&#8221; global_colors_info=&#8221;{}&#8221;]<\/p>\n<p><a href=\"https:\/\/www.youtube.com\/watch?v=SFJ6dWqbRHY&amp;ab_channel=FinskaVetenskaps-Societeten%2FSuomenTiedeseura\">Lecture by Eeva Furman: Climate Issue in the Context of Societal Sustainability Transformation<\/a><\/p>\n<p>[\/et_pb_blurb][et_pb_blurb use_icon=&#8221;on&#8221; font_icon=&#8221;&#xe0a3;||divi||400&#8243; icon_color=&#8221;#813134&#8243; icon_placement=&#8221;left&#8221; _builder_version=&#8221;4.22.1&#8243; _module_preset=&#8221;default&#8221; body_font_size=&#8221;22px&#8221; global_colors_info=&#8221;{}&#8221;]<\/p>\n<p><a href=\"https:\/\/www.youtube.com\/watch?v=N4XDPpQLrLc&amp;ab_channel=FinskaVetenskaps-Societeten%2FSuomenTiedeseura\">Lecture by Mikael Hild\u00e9n: Anpassning till vad\u00e5? Vem bryr sig?<\/a><\/p>\n<p>[\/et_pb_blurb][et_pb_blurb use_icon=&#8221;on&#8221; font_icon=&#8221;&#xe0a3;||divi||400&#8243; icon_color=&#8221;#813134&#8243; icon_placement=&#8221;left&#8221; _builder_version=&#8221;4.22.1&#8243; _module_preset=&#8221;default&#8221; body_font_size=&#8221;22px&#8221; global_colors_info=&#8221;{}&#8221;]<\/p>\n<p><a href=\"https:\/\/www.youtube.com\/watch?v=K4xLDgporEM&amp;t=2257s&amp;ab_channel=FinskaVetenskaps-Societeten%2FSuomenTiedeseura\">Panel discussion with Magnus Nystr\u00f6m, Johanna Tamminen, Kristina Lindstr\u00f6m, Eeva Furman, Mikael Hild\u00e9n, Erik Bonsdorff<\/a><\/p>\n<p>[\/et_pb_blurb][et_pb_text _builder_version=&#8221;4.21.0&#8243; _module_preset=&#8221;0cde5546-a697-454a-bb65-88947aee42b6&#8243; text_font=&#8221;Elegant Icon Fonts||||||||&#8221; text_font_size=&#8221;26px&#8221; text_line_height=&#8221;1.3em&#8221; header_font=&#8221;|300|on||||||&#8221; header_text_align=&#8221;center&#8221; header_2_text_align=&#8221;center&#8221; custom_margin=&#8221;||60px||false|false&#8221; global_colors_info=&#8221;{}&#8221;]<\/p>\n<h2>Meeting 18.9.2023<\/h2>\n<p>[\/et_pb_text][et_pb_blurb use_icon=&#8221;on&#8221; font_icon=&#8221;&#xe0a3;||divi||400&#8243; icon_color=&#8221;#813134&#8243; icon_placement=&#8221;left&#8221; _builder_version=&#8221;4.22.1&#8243; _module_preset=&#8221;default&#8221; body_font_size=&#8221;22px&#8221; global_colors_info=&#8221;{}&#8221;]<\/p>\n<p><a href=\"https:\/\/www.youtube.com\/watch?v=yPQp0JYkRNE&amp;ab_channel=FinskaVetenskaps-Societeten%2FSuomenTiedeseura\">Commemorative speech for Professor Per-Erik Saris is given by Per Saris<\/a><\/p>\n<p>[\/et_pb_blurb][et_pb_blurb use_icon=&#8221;on&#8221; font_icon=&#8221;&#xe0a3;||divi||400&#8243; icon_color=&#8221;#813134&#8243; icon_placement=&#8221;left&#8221; _builder_version=&#8221;4.22.1&#8243; _module_preset=&#8221;default&#8221; body_font_size=&#8221;22px&#8221; global_colors_info=&#8221;{}&#8221;]<\/p>\n<p><a href=\"https:\/\/www.youtube.com\/watch?v=lnywmO88g1I&amp;t=35s&amp;ab_channel=FinskaVetenskaps-Societeten%2FSuomenTiedeseura\">Commemorative speech for Professor Matti Klinge is given by Henrik Meinander<\/a><\/p>\n<p>[\/et_pb_blurb][et_pb_blurb use_icon=&#8221;on&#8221; font_icon=&#8221;&#xe0a3;||divi||400&#8243; icon_color=&#8221;#813134&#8243; icon_placement=&#8221;left&#8221; _builder_version=&#8221;4.22.1&#8243; _module_preset=&#8221;default&#8221; body_font_size=&#8221;22px&#8221; global_colors_info=&#8221;{}&#8221;]<\/p>\n<p><a href=\"https:\/\/www.youtube.com\/watch?v=NQqS0F1gWYE&amp;t=2s&amp;ab_channel=FinskaVetenskaps-Societeten%2FSuomenTiedeseura\">Lecture by Eero Castr\u00e9n: Aivojen muovautuvuus<\/a><\/p>\n<p>[\/et_pb_blurb][et_pb_blurb use_icon=&#8221;on&#8221; font_icon=&#8221;&#xe0a3;||divi||400&#8243; icon_color=&#8221;#813134&#8243; icon_placement=&#8221;left&#8221; _builder_version=&#8221;4.22.1&#8243; _module_preset=&#8221;default&#8221; body_font_size=&#8221;22px&#8221; global_colors_info=&#8221;{}&#8221;]<\/p>\n<p><a href=\"https:\/\/www.youtube.com\/watch?v=QI7LqxwXsAM&amp;ab_channel=FinskaVetenskaps-Societeten%2FSuomenTiedeseura\">Lecture by Erika L\u00f6fstr\u00f6m: Doktorandhandledning \u2013 vad spelar den f\u00f6r roll?<\/a><\/p>\n<p>[\/et_pb_blurb][et_pb_text _builder_version=&#8221;4.21.0&#8243; _module_preset=&#8221;0cde5546-a697-454a-bb65-88947aee42b6&#8243; text_font=&#8221;Elegant Icon Fonts||||||||&#8221; text_font_size=&#8221;26px&#8221; text_line_height=&#8221;1.3em&#8221; header_font=&#8221;|300|on||||||&#8221; header_text_align=&#8221;center&#8221; header_2_text_align=&#8221;center&#8221; custom_margin=&#8221;||60px||false|false&#8221; global_colors_info=&#8221;{}&#8221;]<\/p>\n<h2>Meeting 16.1.2023<\/h2>\n<p>[\/et_pb_text][et_pb_blurb use_icon=&#8221;on&#8221; font_icon=&#8221;&#xe0a3;||divi||400&#8243; icon_color=&#8221;#813134&#8243; icon_placement=&#8221;left&#8221; _builder_version=&#8221;4.21.0&#8243; _module_preset=&#8221;default&#8221; body_font_size=&#8221;22px&#8221; global_colors_info=&#8221;{}&#8221;]<\/p>\n<p><a href=\"https:\/\/www.youtube.com\/watch?v=J7TSUXZdC1A&amp;ab_channel=FinskaVetenskaps-Societeten%2FSuomenTiedeseura\" target=\"_blank\" rel=\"noopener\">Commemorative speech for Professor Karl-Gustav Sandelin is given by Tage Kurt\u00e9n<\/a><\/p>\n<p>[\/et_pb_blurb][et_pb_blurb use_icon=&#8221;on&#8221; font_icon=&#8221;&#xe0a3;||divi||400&#8243; icon_color=&#8221;#813134&#8243; icon_placement=&#8221;left&#8221; _builder_version=&#8221;4.21.0&#8243; _module_preset=&#8221;default&#8221; body_font_size=&#8221;22px&#8221; locked=&#8221;off&#8221; global_colors_info=&#8221;{}&#8221;]<\/p>\n<p><a href=\"https:\/\/www.youtube.com\/watch?v=kY03lUQKewY&amp;ab_channel=FinskaVetenskaps-Societeten%2FSuomenTiedeseura\" target=\"_blank\" rel=\"noopener\">Lecture by Anne Kovalainen: \u201dAlustataloudesta alustayhteiskuntaan\u201d<\/a><\/p>\n<p>[\/et_pb_blurb][et_pb_blurb use_icon=&#8221;on&#8221; font_icon=&#8221;&#xe0a3;||divi||400&#8243; icon_color=&#8221;#813134&#8243; icon_placement=&#8221;left&#8221; _builder_version=&#8221;4.21.0&#8243; _module_preset=&#8221;default&#8221; body_font_size=&#8221;22px&#8221; locked=&#8221;off&#8221; global_colors_info=&#8221;{}&#8221;]<a href=\"https:\/\/www.youtube.com\/watch?v=FUGmnD8Oqj8&amp;ab_channel=FinskaVetenskaps-Societeten%2FSuomenTiedeseura\" target=\"_blank\" rel=\"noopener\">Lecture by Ruth Illman: \u201dVardagsjudendom i Finland och i Norden\u201d<\/a>[\/et_pb_blurb][et_pb_text _builder_version=&#8221;4.27.0&#8243; _module_preset=&#8221;0cde5546-a697-454a-bb65-88947aee42b6&#8243; text_font=&#8221;Elegant Icon Fonts||||||||&#8221; text_font_size=&#8221;26px&#8221; text_line_height=&#8221;1.3em&#8221; header_font=&#8221;|300|on||||||&#8221; header_text_align=&#8221;center&#8221; header_2_text_align=&#8221;center&#8221; custom_margin=&#8221;||60px||false|false&#8221; global_colors_info=&#8221;{}&#8221;]<\/p>\n<h2>Meeting 19.12.2022<\/h2>\n<p>[\/et_pb_text][et_pb_blurb use_icon=&#8221;on&#8221; font_icon=&#8221;&#xe0a3;||divi||400&#8243; icon_color=&#8221;#813134&#8243; icon_placement=&#8221;left&#8221; disabled_on=&#8221;off|off|off&#8221; _builder_version=&#8221;4.21.0&#8243; _module_preset=&#8221;default&#8221; body_font_size=&#8221;22px&#8221; locked=&#8221;off&#8221; global_colors_info=&#8221;{}&#8221;]<a href=\"https:\/\/www.youtube.com\/watch?v=0-_HRMtmZA8\" target=\"_blank\" rel=\"noopener\">Lecture by Vesa Olkkonen: \u201dLipoproteiinit: Verenkierron rasvojen kuljettajat hyv\u00e4ss\u00e4 ja pahassa\u201d<\/a>[\/et_pb_blurb][et_pb_blurb use_icon=&#8221;on&#8221; font_icon=&#8221;&#xe0a3;||divi||400&#8243; icon_color=&#8221;#813134&#8243; icon_placement=&#8221;left&#8221; disabled_on=&#8221;off|off|off&#8221; _builder_version=&#8221;4.21.0&#8243; _module_preset=&#8221;default&#8221; body_font_size=&#8221;22px&#8221; locked=&#8221;off&#8221; global_colors_info=&#8221;{}&#8221;]<\/p>\n<p><a href=\"https:\/\/www.youtube.com\/watch?v=N7Xe-mJ_nb8\" target=\"_blank\" rel=\"noopener\">Lecture by Martina Reuter: \u201dMary Wollstonecraft, Frans Michael Franz\u00e9n och \u00c5bo Tidningar 1797-1831\u201d<\/a><\/p>\n<p>[\/et_pb_blurb][et_pb_text _builder_version=&#8221;4.27.0&#8243; _module_preset=&#8221;0cde5546-a697-454a-bb65-88947aee42b6&#8243; text_font=&#8221;|300|on||||||&#8221; header_2_font=&#8221;||on||||||&#8221; header_2_text_align=&#8221;center&#8221; text_orientation=&#8221;center&#8221; global_colors_info=&#8221;{}&#8221;]<\/p>\n<h2>Meeting 21.11.2022<\/h2>\n<p>[\/et_pb_text][et_pb_blurb use_icon=&#8221;on&#8221; font_icon=&#8221;&#xe0a3;||divi||400&#8243; icon_color=&#8221;#813134&#8243; icon_placement=&#8221;left&#8221; disabled_on=&#8221;off|off|off&#8221; _builder_version=&#8221;4.21.0&#8243; _module_preset=&#8221;default&#8221; body_font_size=&#8221;22px&#8221; locked=&#8221;off&#8221; global_colors_info=&#8221;{}&#8221;]<a href=\"https:\/\/www.youtube.com\/watch?v=BJWMFhsa52E\" target=\"_blank\" rel=\"noopener\">Commemorative speech for Professor Jari Niemel\u00e4 is given by Eeva Furman<\/a>[\/et_pb_blurb][et_pb_blurb use_icon=&#8221;on&#8221; font_icon=&#8221;&#xe0a3;||divi||400&#8243; icon_color=&#8221;#813134&#8243; icon_placement=&#8221;left&#8221; disabled_on=&#8221;off|off|off&#8221; _builder_version=&#8221;4.21.0&#8243; _module_preset=&#8221;default&#8221; body_font_size=&#8221;22px&#8221; locked=&#8221;off&#8221; global_colors_info=&#8221;{}&#8221;]<a href=\"https:\/\/www.youtube.com\/watch?v=QopqQQTSJpQ\" target=\"_blank\" rel=\"noopener\">Lecture by Johanna Tamminen: \u201dN\u00e4keek\u00f6 satelliitti ilmansaasteet ja kasvihuonekaasup\u00e4\u00e4st\u00f6t?\u201d<\/a>[\/et_pb_blurb][et_pb_blurb use_icon=&#8221;on&#8221; font_icon=&#8221;&#xe0a3;||divi||400&#8243; icon_color=&#8221;#813134&#8243; icon_placement=&#8221;left&#8221; disabled_on=&#8221;off|off|off&#8221; _builder_version=&#8221;4.21.0&#8243; _module_preset=&#8221;default&#8221; body_font_size=&#8221;22px&#8221; locked=&#8221;off&#8221; global_colors_info=&#8221;{}&#8221;]<a href=\"https:\/\/www.youtube.com\/watch?v=pqwEpBZOAO8\" target=\"_blank\" rel=\"noopener\">Lecture by Sampsa Vanhatalo: \u201d\u00c4lyvaatteiden kehitt\u00e4minen vauvan parhaaksi\u201d<\/a>[\/et_pb_blurb][et_pb_text _builder_version=&#8221;4.21.0&#8243; _module_preset=&#8221;0cde5546-a697-454a-bb65-88947aee42b6&#8243; text_font=&#8221;Elegant Icon Fonts||||||||&#8221; text_font_size=&#8221;26px&#8221; text_line_height=&#8221;1.3em&#8221; header_font=&#8221;|300|on||||||&#8221; header_text_align=&#8221;center&#8221; header_2_text_align=&#8221;center&#8221; custom_margin=&#8221;||60px||false|false&#8221; global_colors_info=&#8221;{}&#8221;]<\/p>\n<h2>Meeting 17.10.2022<\/h2>\n<p>[\/et_pb_text][et_pb_blurb use_icon=&#8221;on&#8221; font_icon=&#8221;&#xe0a3;||divi||400&#8243; icon_color=&#8221;#813134&#8243; icon_placement=&#8221;left&#8221; disabled_on=&#8221;off|off|off&#8221; _builder_version=&#8221;4.21.0&#8243; _module_preset=&#8221;default&#8221; body_font_size=&#8221;22px&#8221; locked=&#8221;off&#8221; global_colors_info=&#8221;{}&#8221;]<a href=\"https:\/\/youtu.be\/nhX0Racj710\" target=\"_blank\" rel=\"noopener\">Lecture by Jussi Pakkasvirta: \u201cFrancon kanssa? Suomi, Espanja ja kylm\u00e4 sota\u201d<\/a>[\/et_pb_blurb][et_pb_blurb use_icon=&#8221;on&#8221; font_icon=&#8221;&#xe0a3;||divi||400&#8243; icon_color=&#8221;#813134&#8243; icon_placement=&#8221;left&#8221; disabled_on=&#8221;off|off|off&#8221; _builder_version=&#8221;4.21.0&#8243; _module_preset=&#8221;default&#8221; body_font_size=&#8221;22px&#8221; locked=&#8221;off&#8221; global_colors_info=&#8221;{}&#8221;]<a href=\"https:\/\/youtu.be\/up7XCoA1i5c\" target=\"_blank\" rel=\"noopener\">Lecture by Monika \u00d6sterberg: \u201cBiobaserade material \u2013 H\u00e5llbart eller ej?\u201d<\/a>[\/et_pb_blurb][et_pb_text _builder_version=&#8221;4.21.0&#8243; _module_preset=&#8221;0cde5546-a697-454a-bb65-88947aee42b6&#8243; text_font=&#8221;Elegant Icon Fonts||||||||&#8221; text_font_size=&#8221;26px&#8221; text_line_height=&#8221;1.3em&#8221; header_font=&#8221;|300|on||||||&#8221; header_text_align=&#8221;center&#8221; header_2_text_align=&#8221;center&#8221; custom_margin=&#8221;||60px||false|false&#8221; global_colors_info=&#8221;{}&#8221;]<\/p>\n<h2>Meeting 19.9.2022<\/h2>\n<p>[\/et_pb_text][et_pb_blurb use_icon=&#8221;on&#8221; font_icon=&#8221;&#xe0a3;||divi||400&#8243; icon_color=&#8221;#813134&#8243; icon_placement=&#8221;left&#8221; disabled_on=&#8221;off|off|off&#8221; _builder_version=&#8221;4.21.0&#8243; _module_preset=&#8221;default&#8221; body_font_size=&#8221;22px&#8221; locked=&#8221;off&#8221; global_colors_info=&#8221;{}&#8221;]<\/p>\n<p>Commemorative speech for Professor Torsten Edgren is given by Mika Lavento (no video available)<\/p>\n<p>[\/et_pb_blurb][et_pb_blurb use_icon=&#8221;on&#8221; font_icon=&#8221;&#xe0a3;||divi||400&#8243; icon_color=&#8221;#813134&#8243; icon_placement=&#8221;left&#8221; disabled_on=&#8221;off|off|off&#8221; _builder_version=&#8221;4.21.0&#8243; _module_preset=&#8221;default&#8221; body_font_size=&#8221;22px&#8221; locked=&#8221;off&#8221; global_colors_info=&#8221;{}&#8221;]<a href=\"https:\/\/youtu.be\/VbILXcQqlYc\" target=\"_blank\" rel=\"noopener\">Commemorative speech for Professor Marketta Sundman is given by Mirja Saari<\/a>[\/et_pb_blurb][et_pb_blurb use_icon=&#8221;on&#8221; font_icon=&#8221;&#xe0a3;||divi||400&#8243; icon_color=&#8221;#813134&#8243; icon_placement=&#8221;left&#8221; disabled_on=&#8221;off|off|off&#8221; _builder_version=&#8221;4.21.0&#8243; _module_preset=&#8221;default&#8221; body_font_size=&#8221;22px&#8221; locked=&#8221;off&#8221; global_colors_info=&#8221;{}&#8221;]<\/p>\n<p><a href=\"https:\/\/www.youtube.com\/watch?v=hXGW2ZBPZVQ\" target=\"_blank\" rel=\"noopener\">Lecture by Bj\u00f6rn Fors\u00e9n: \u201cCross-cultural encounters in the Early Modern Mediterranean: The case of the bewitched lions of Athens\u201d<\/a><\/p>\n<p>[\/et_pb_blurb][et_pb_blurb use_icon=&#8221;on&#8221; font_icon=&#8221;&#xe0a3;||divi||400&#8243; icon_color=&#8221;#813134&#8243; icon_placement=&#8221;left&#8221; disabled_on=&#8221;off|off|off&#8221; _builder_version=&#8221;4.21.0&#8243; _module_preset=&#8221;default&#8221; body_font_size=&#8221;22px&#8221; locked=&#8221;off&#8221; global_colors_info=&#8221;{}&#8221;]<a href=\"https:\/\/www.youtube.com\/watch?v=lk6OR6lNc9w\" target=\"_blank\" rel=\"noopener\">Lecture by Pentti Tienari: \u201dOnko MS-tauti yleisen viruksen harvinainen komplikaatio?\u201d<\/a>[\/et_pb_blurb][et_pb_text _builder_version=&#8221;4.21.0&#8243; _module_preset=&#8221;0cde5546-a697-454a-bb65-88947aee42b6&#8243; text_font=&#8221;Elegant Icon Fonts||||||||&#8221; text_font_size=&#8221;26px&#8221; text_line_height=&#8221;1.3em&#8221; header_font=&#8221;|300|on||||||&#8221; header_text_align=&#8221;center&#8221; header_2_text_align=&#8221;center&#8221; custom_margin=&#8221;||60px||false|false&#8221; global_colors_info=&#8221;{}&#8221;]<\/p>\n<h2>Meeting 16.5.2022<\/h2>\n<p>[\/et_pb_text][et_pb_blurb use_icon=&#8221;on&#8221; font_icon=&#8221;&#xe0a3;||divi||400&#8243; icon_color=&#8221;#813134&#8243; icon_placement=&#8221;left&#8221; disabled_on=&#8221;off|off|off&#8221; _builder_version=&#8221;4.21.0&#8243; _module_preset=&#8221;default&#8221; body_font_size=&#8221;22px&#8221; locked=&#8221;off&#8221; global_colors_info=&#8221;{}&#8221;]<a href=\"https:\/\/www.youtube.com\/watch?v=sWHS1NM1Zc0\" target=\"_blank\" rel=\"noopener\">Commemorative speech for Academician Olli Lehto is given by Mats Gyllenberg<\/a>[\/et_pb_blurb][et_pb_blurb use_icon=&#8221;on&#8221; font_icon=&#8221;&#xe0a3;||divi||400&#8243; icon_color=&#8221;#813134&#8243; icon_placement=&#8221;left&#8221; disabled_on=&#8221;off|off|off&#8221; _builder_version=&#8221;4.21.0&#8243; _module_preset=&#8221;default&#8221; body_font_size=&#8221;22px&#8221; locked=&#8221;off&#8221; global_colors_info=&#8221;{}&#8221;]<a href=\"https:\/\/www.youtube.com\/watch?v=Xqh1p_WqGa0\" target=\"_blank\" rel=\"noopener\">Commemorative speech bfor Docent Anja Kervanto Nevanlinnalle is given by Laura Kolbe<\/a>[\/et_pb_blurb][et_pb_blurb use_icon=&#8221;on&#8221; font_icon=&#8221;&#xe0a3;||divi||400&#8243; icon_color=&#8221;#813134&#8243; icon_placement=&#8221;left&#8221; disabled_on=&#8221;off|off|off&#8221; _builder_version=&#8221;4.21.0&#8243; _module_preset=&#8221;default&#8221; body_font_size=&#8221;22px&#8221; locked=&#8221;off&#8221; global_colors_info=&#8221;{}&#8221;]<a href=\"https:\/\/www.youtube.com\/watch?v=0GF17C7boEw&amp;t=45s\" target=\"_blank\" rel=\"noopener\">Lecture by Janne Saarikivi \u201dVen\u00e4l\u00e4iset, ukrainalaiset ja suomalais-ugrilaiset \u2013 ketk\u00e4 kaikki ovatkaan samaa kansaa?\u201d<\/a>[\/et_pb_blurb][et_pb_text _builder_version=&#8221;4.21.0&#8243; _module_preset=&#8221;0cde5546-a697-454a-bb65-88947aee42b6&#8243; text_font=&#8221;Elegant Icon Fonts||||||||&#8221; text_font_size=&#8221;26px&#8221; text_line_height=&#8221;1.3em&#8221; header_font=&#8221;|300|on||||||&#8221; header_text_align=&#8221;center&#8221; header_2_text_align=&#8221;center&#8221; custom_margin=&#8221;||60px||false|false&#8221; global_colors_info=&#8221;{}&#8221;]<\/p>\n<h2>Meeting 21.3.2022<\/h2>\n<p>[\/et_pb_text][et_pb_blurb use_icon=&#8221;on&#8221; font_icon=&#8221;&#xe0a3;||divi||400&#8243; icon_color=&#8221;#813134&#8243; icon_placement=&#8221;left&#8221; disabled_on=&#8221;off|off|off&#8221; _builder_version=&#8221;4.21.0&#8243; _module_preset=&#8221;default&#8221; body_font_size=&#8221;22px&#8221; locked=&#8221;off&#8221; global_colors_info=&#8221;{}&#8221;]<a href=\"https:\/\/youtu.be\/ggkhCgt8PkE\" target=\"_blank\" rel=\"noopener\">Commemorative speech for Professor Timo Riiho is given by Juhani H\u00e4rm\u00e4<\/a>[\/et_pb_blurb][et_pb_blurb use_icon=&#8221;on&#8221; font_icon=&#8221;&#xe0a3;||divi||400&#8243; icon_color=&#8221;#813134&#8243; icon_placement=&#8221;left&#8221; disabled_on=&#8221;off|off|off&#8221; _builder_version=&#8221;4.21.0&#8243; _module_preset=&#8221;default&#8221; body_font_size=&#8221;22px&#8221; locked=&#8221;off&#8221; global_colors_info=&#8221;{}&#8221;]<a href=\"https:\/\/youtu.be\/kXVvOxdQmfo\" target=\"_blank\" rel=\"noopener\">Commemorative speech for Professor Lilli Alanen is given by Pauliina Remes<\/a>[\/et_pb_blurb][et_pb_blurb use_icon=&#8221;on&#8221; font_icon=&#8221;&#xe0a3;||divi||400&#8243; icon_color=&#8221;#813134&#8243; icon_placement=&#8221;left&#8221; disabled_on=&#8221;off|off|off&#8221; _builder_version=&#8221;4.21.0&#8243; _module_preset=&#8221;default&#8221; body_font_size=&#8221;22px&#8221; locked=&#8221;off&#8221; global_colors_info=&#8221;{}&#8221;]<a href=\"https:\/\/youtu.be\/sh8UZuzhqpI\" target=\"_blank\" rel=\"noopener\">Lecture by Sara Hein\u00e4maa: \u201dScience as Vocation and Values of Love: A Phenomenological-Philosophical Explication\u201d<\/a>[\/et_pb_blurb][et_pb_text _builder_version=&#8221;4.21.0&#8243; _module_preset=&#8221;0cde5546-a697-454a-bb65-88947aee42b6&#8243; text_font=&#8221;Elegant Icon Fonts||||||||&#8221; text_font_size=&#8221;26px&#8221; text_line_height=&#8221;1.3em&#8221; header_font=&#8221;|300|on||||||&#8221; header_text_align=&#8221;center&#8221; header_2_text_align=&#8221;center&#8221; custom_margin=&#8221;||60px||false|false&#8221; global_colors_info=&#8221;{}&#8221;]<\/p>\n<h2>Meeting 21.2.2022<\/h2>\n<p>[\/et_pb_text][et_pb_blurb use_icon=&#8221;on&#8221; font_icon=&#8221;&#xe0a3;||divi||400&#8243; icon_color=&#8221;#813134&#8243; icon_placement=&#8221;left&#8221; disabled_on=&#8221;off|off|off&#8221; _builder_version=&#8221;4.21.0&#8243; _module_preset=&#8221;default&#8221; body_font_size=&#8221;22px&#8221; locked=&#8221;off&#8221; global_colors_info=&#8221;{}&#8221;]<a href=\"https:\/\/www.youtube.com\/watch?v=rmYsn5ZRjwg&amp;t=2s\" target=\"_blank\" rel=\"noopener\">Lecture by Kirsi Jahnukainen: \u201cSy\u00f6p\u00e4\u00e4n sairastuneen lapsen hedelm\u00e4llisyytt\u00e4 voidaan s\u00e4ilytt\u00e4\u00e4\u201d<\/a>[\/et_pb_blurb][et_pb_blurb use_icon=&#8221;on&#8221; font_icon=&#8221;&#xe0a3;||divi||400&#8243; icon_color=&#8221;#813134&#8243; icon_placement=&#8221;left&#8221; disabled_on=&#8221;off|off|off&#8221; _builder_version=&#8221;4.21.0&#8243; _module_preset=&#8221;default&#8221; body_font_size=&#8221;22px&#8221; locked=&#8221;off&#8221; global_colors_info=&#8221;{}&#8221;]<a href=\"https:\/\/www.youtube.com\/watch?v=6pxw-kolgBk\" target=\"_blank\" rel=\"noopener\">Lecture by Altti Kuusamo: \u201dTunnistamisen mysteeri. Kuvallisen semiotiikan ongelmia\u201d Kuvallisen semiotiikan ongelmia\u201d<\/a>[\/et_pb_blurb][et_pb_text _builder_version=&#8221;4.21.0&#8243; _module_preset=&#8221;0cde5546-a697-454a-bb65-88947aee42b6&#8243; text_font=&#8221;Elegant Icon Fonts||||||||&#8221; text_font_size=&#8221;26px&#8221; text_line_height=&#8221;1.3em&#8221; header_font=&#8221;|300|on||||||&#8221; header_text_align=&#8221;center&#8221; header_2_text_align=&#8221;center&#8221; custom_margin=&#8221;||60px||false|false&#8221; global_colors_info=&#8221;{}&#8221;]<\/p>\n<h2>Meeting 17.1.2022<\/h2>\n<p>[\/et_pb_text][et_pb_blurb use_icon=&#8221;on&#8221; font_icon=&#8221;&#xe0a3;||divi||400&#8243; icon_color=&#8221;#813134&#8243; icon_placement=&#8221;left&#8221; disabled_on=&#8221;off|off|off&#8221; _builder_version=&#8221;4.21.0&#8243; _module_preset=&#8221;default&#8221; body_font_size=&#8221;22px&#8221; locked=&#8221;off&#8221; global_colors_info=&#8221;{}&#8221;]<a href=\"https:\/\/youtu.be\/QpiX0zYRApA\" target=\"_blank\" rel=\"noopener\">Lecture by Professor Martin Gustafsson \u201dPausens betydelse f\u00f6r m\u00e4nskligt handlande\u201d<\/a>[\/et_pb_blurb][et_pb_blurb use_icon=&#8221;on&#8221; font_icon=&#8221;&#xe0a3;||divi||400&#8243; icon_color=&#8221;#813134&#8243; icon_placement=&#8221;left&#8221; disabled_on=&#8221;off|off|off&#8221; _builder_version=&#8221;4.21.0&#8243; _module_preset=&#8221;default&#8221; body_font_size=&#8221;22px&#8221; locked=&#8221;off&#8221; global_colors_info=&#8221;{}&#8221;]<a href=\"https:\/\/www.youtube.com\/watch?v=zhEIAUuVLqU\" target=\"_blank\" rel=\"noopener\">Lecture by Professor Elina Pirjatanniemi \u201dM\u00e5ngvetenskaplig flyktingjuridik \u2013 kan r\u00e4ttsvetaren dra nytta av kvantitativ forskningsdesign?\u201d<\/a>[\/et_pb_blurb][et_pb_text _builder_version=&#8221;4.21.0&#8243; _module_preset=&#8221;0cde5546-a697-454a-bb65-88947aee42b6&#8243; text_font=&#8221;Elegant Icon Fonts||||||||&#8221; text_font_size=&#8221;26px&#8221; text_line_height=&#8221;1.3em&#8221; header_font=&#8221;|300|on||||||&#8221; header_text_align=&#8221;center&#8221; header_2_text_align=&#8221;center&#8221; custom_margin=&#8221;||60px||false|false&#8221; global_colors_info=&#8221;{}&#8221;]<\/p>\n<h2>Meeting 20.12.2021<\/h2>\n<p>[\/et_pb_text][et_pb_blurb use_icon=&#8221;on&#8221; font_icon=&#8221;&#xe0a3;||divi||400&#8243; icon_color=&#8221;#813134&#8243; icon_placement=&#8221;left&#8221; disabled_on=&#8221;off|off|off&#8221; _builder_version=&#8221;4.21.0&#8243; _module_preset=&#8221;default&#8221; body_font_size=&#8221;22px&#8221; locked=&#8221;off&#8221; global_colors_info=&#8221;{}&#8221;]<a href=\"https:\/\/youtu.be\/fKVqBivlNs8\" target=\"_blank\" rel=\"noopener\">Lecture by Professor Sirpa Wrede: \u201cIntersektioner av h\u00f6g \u00e5lder, invandrarskap och social missgynnsamhet\u201d<\/a>[\/et_pb_blurb][et_pb_text _builder_version=&#8221;4.21.0&#8243; _module_preset=&#8221;0cde5546-a697-454a-bb65-88947aee42b6&#8243; text_font=&#8221;Elegant Icon Fonts||||||||&#8221; text_font_size=&#8221;26px&#8221; text_line_height=&#8221;1.3em&#8221; header_font=&#8221;|300|on||||||&#8221; header_text_align=&#8221;center&#8221; header_2_text_align=&#8221;center&#8221; custom_margin=&#8221;||60px||false|false&#8221; global_colors_info=&#8221;{}&#8221;]<\/p>\n<h2>Meeting 15.11.2021<\/h2>\n<p>[\/et_pb_text][et_pb_blurb use_icon=&#8221;on&#8221; font_icon=&#8221;&#xe0a3;||divi||400&#8243; icon_color=&#8221;#813134&#8243; icon_placement=&#8221;left&#8221; disabled_on=&#8221;off|off|off&#8221; _builder_version=&#8221;4.21.0&#8243; _module_preset=&#8221;default&#8221; body_font_size=&#8221;22px&#8221; locked=&#8221;off&#8221; global_colors_info=&#8221;{}&#8221;]<a href=\"https:\/\/www.youtube.com\/watch?v=cy4zF7U8GTY\" target=\"_blank\" rel=\"noopener\">Commemorative speech for Academician Albert de la Chapelle is given by Professor Carl G. Gahmberg<\/a>[\/et_pb_blurb][et_pb_blurb use_icon=&#8221;on&#8221; font_icon=&#8221;&#xe0a3;||divi||400&#8243; icon_color=&#8221;#813134&#8243; icon_placement=&#8221;left&#8221; disabled_on=&#8221;off|off|off&#8221; _builder_version=&#8221;4.21.0&#8243; _module_preset=&#8221;default&#8221; body_font_size=&#8221;22px&#8221; locked=&#8221;off&#8221; global_colors_info=&#8221;{}&#8221;]<a href=\"https:\/\/www.youtube.com\/watch?v=G9W5dtBsR_8&amp;t=2s\" target=\"_blank\" rel=\"noopener\">Lecture by professor Maria L\u00e4hteenm\u00e4ki: \u201cNew coastal history: uusia tulokulmia ymp\u00e4rist\u00f6historiaan\u201d<\/a>[\/et_pb_blurb][et_pb_blurb use_icon=&#8221;on&#8221; font_icon=&#8221;&#xe0a3;||divi||400&#8243; icon_color=&#8221;#813134&#8243; icon_placement=&#8221;left&#8221; disabled_on=&#8221;off|off|off&#8221; _builder_version=&#8221;4.21.0&#8243; _module_preset=&#8221;default&#8221; body_font_size=&#8221;22px&#8221; locked=&#8221;off&#8221; global_colors_info=&#8221;{}&#8221;]<a href=\"https:\/\/www.youtube.com\/watch?v=DS0ntFzxXLk&amp;t=1s\" target=\"_blank\" rel=\"noopener\">Lecture by Professor Matti Miestamo: \u201cKielten kompleksisuuden tutkimuksesta\u201d<\/a>[\/et_pb_blurb][et_pb_text _builder_version=&#8221;4.21.0&#8243; _module_preset=&#8221;0cde5546-a697-454a-bb65-88947aee42b6&#8243; text_font=&#8221;Elegant Icon Fonts||||||||&#8221; text_font_size=&#8221;26px&#8221; text_line_height=&#8221;1.3em&#8221; header_font=&#8221;|300|on||||||&#8221; header_text_align=&#8221;center&#8221; header_2_text_align=&#8221;center&#8221; custom_margin=&#8221;||60px||false|false&#8221; global_colors_info=&#8221;{}&#8221;]<\/p>\n<h2>Meeting 18.10.2021<\/h2>\n<p>[\/et_pb_text][et_pb_blurb use_icon=&#8221;on&#8221; font_icon=&#8221;&#xe0a3;||divi||400&#8243; icon_color=&#8221;#813134&#8243; icon_placement=&#8221;left&#8221; disabled_on=&#8221;off|off|off&#8221; _builder_version=&#8221;4.21.0&#8243; _module_preset=&#8221;default&#8221; body_font_size=&#8221;22px&#8221; locked=&#8221;off&#8221; global_colors_info=&#8221;{}&#8221;]<a href=\"https:\/\/youtu.be\/xpPalpjhNw8\" target=\"_blank\" rel=\"noopener\">Lecture by Professor Johanna Mappes: \u201c150 vuotta Alfred Russel Wallacen tutkimuksista: viel\u00e4k\u00f6 el\u00e4inten v\u00e4rit voivat opettaa meille uutta luonnonvalinnasta?\u201d<\/a>[\/et_pb_blurb][et_pb_blurb use_icon=&#8221;on&#8221; font_icon=&#8221;&#xe0a3;||divi||400&#8243; icon_color=&#8221;#813134&#8243; icon_placement=&#8221;left&#8221; disabled_on=&#8221;off|off|off&#8221; _builder_version=&#8221;4.21.0&#8243; _module_preset=&#8221;default&#8221; body_font_size=&#8221;22px&#8221; locked=&#8221;off&#8221; global_colors_info=&#8221;{}&#8221;]<a href=\"https:\/\/youtu.be\/EYQG784viC8\" target=\"_blank\" rel=\"noopener\">Lecture by Professor Charlotta Wolff: Digital k\u00e4llkritik och upplysta n\u00e4tverk: det filosofiska Europa i greve G. Ph. Creutz umg\u00e4ngeskrets, 1774\u20131783\u201d<\/a>[\/et_pb_blurb][et_pb_text _builder_version=&#8221;4.21.0&#8243; _module_preset=&#8221;0cde5546-a697-454a-bb65-88947aee42b6&#8243; text_font=&#8221;Elegant Icon Fonts||||||||&#8221; text_font_size=&#8221;26px&#8221; text_line_height=&#8221;1.3em&#8221; header_font=&#8221;|300|on||||||&#8221; header_text_align=&#8221;center&#8221; header_2_text_align=&#8221;center&#8221; custom_margin=&#8221;||60px||false|false&#8221; global_colors_info=&#8221;{}&#8221;]<\/p>\n<h2>Meeting 20.9.2021<\/h2>\n<p>[\/et_pb_text][et_pb_blurb use_icon=&#8221;on&#8221; font_icon=&#8221;&#xe0a3;||divi||400&#8243; icon_color=&#8221;#813134&#8243; icon_placement=&#8221;left&#8221; disabled_on=&#8221;off|off|off&#8221; _builder_version=&#8221;4.21.0&#8243; _module_preset=&#8221;default&#8221; body_font_size=&#8221;22px&#8221; locked=&#8221;off&#8221; global_colors_info=&#8221;{}&#8221;]<a href=\"https:\/\/www.youtube.com\/watch?v=sUCJ5H3bEZw\" target=\"_blank\" rel=\"noopener\">Lecture by Professor Kai Mikkonen: \u201cTerroristiromaani ja sympatian rakenne\u201d<\/a>[\/et_pb_blurb][et_pb_blurb use_icon=&#8221;on&#8221; font_icon=&#8221;&#xe0a3;||divi||400&#8243; icon_color=&#8221;#813134&#8243; icon_placement=&#8221;left&#8221; disabled_on=&#8221;off|off|off&#8221; _builder_version=&#8221;4.21.0&#8243; _module_preset=&#8221;default&#8221; body_font_size=&#8221;22px&#8221; locked=&#8221;off&#8221; global_colors_info=&#8221;{}&#8221;]<a href=\"https:\/\/youtu.be\/P3t7gvjrkJw\" target=\"_blank\" rel=\"noopener\">Lecture by Professor Janne Saarikivi: \u201cSuomen kielen euraasialainen ja eurooppalainen tausta. Uusia tulkintoja uralilaisten kielten alkuper\u00e4st\u00e4\u201d<\/a>[\/et_pb_blurb][et_pb_blurb use_icon=&#8221;on&#8221; font_icon=&#8221;&#xe0a3;||divi||400&#8243; icon_color=&#8221;#813134&#8243; icon_placement=&#8221;left&#8221; disabled_on=&#8221;off|off|off&#8221; _builder_version=&#8221;4.21.0&#8243; _module_preset=&#8221;default&#8221; body_font_size=&#8221;22px&#8221; locked=&#8221;off&#8221; global_colors_info=&#8221;{}&#8221;]<a href=\"https:\/\/youtu.be\/NN2D8JzK-EM\" target=\"_blank\" rel=\"noopener\">Lecture by Docent Peter S\u00f6derlund: \u201cPersonval och dess konsekvenser\u201d<\/a>[\/et_pb_blurb][et_pb_text _builder_version=&#8221;4.21.0&#8243; _module_preset=&#8221;0cde5546-a697-454a-bb65-88947aee42b6&#8243; text_font=&#8221;Elegant Icon Fonts||||||||&#8221; text_font_size=&#8221;26px&#8221; text_line_height=&#8221;1.3em&#8221; header_font=&#8221;|300|on||||||&#8221; header_text_align=&#8221;center&#8221; header_2_text_align=&#8221;center&#8221; custom_margin=&#8221;||60px||false|false&#8221; global_colors_info=&#8221;{}&#8221;]<\/p>\n<h2>Meeting 17.5.2021<\/h2>\n<p>[\/et_pb_text][et_pb_blurb use_icon=&#8221;on&#8221; font_icon=&#8221;&#xe0a3;||divi||400&#8243; icon_color=&#8221;#813134&#8243; icon_placement=&#8221;left&#8221; disabled_on=&#8221;off|off|off&#8221; _builder_version=&#8221;4.21.0&#8243; _module_preset=&#8221;default&#8221; body_font_size=&#8221;22px&#8221; locked=&#8221;off&#8221; global_colors_info=&#8221;{}&#8221;]<a href=\"https:\/\/www.youtube.com\/watch?v=qnT719auhXg\" target=\"_blank\" rel=\"noopener\">Lecture by Professor Elina Ikonen: \u201cRasvatutkimusta solutasolla\u201d<\/a>[\/et_pb_blurb][et_pb_blurb use_icon=&#8221;on&#8221; font_icon=&#8221;&#xe0a3;||divi||400&#8243; icon_color=&#8221;#813134&#8243; icon_placement=&#8221;left&#8221; disabled_on=&#8221;off|off|off&#8221; _builder_version=&#8221;4.21.0&#8243; _module_preset=&#8221;default&#8221; body_font_size=&#8221;22px&#8221; locked=&#8221;off&#8221; global_colors_info=&#8221;{}&#8221;]<a href=\"https:\/\/www.youtube.com\/watch?v=4tyyjUTnqGo\" target=\"_blank\" rel=\"noopener\">Lecture by Professor Camilla Lindholm: \u201cKan man ge anvisningar f\u00f6r kommunikation\u201d<\/a>[\/et_pb_blurb][et_pb_text _builder_version=&#8221;4.21.0&#8243; _module_preset=&#8221;0cde5546-a697-454a-bb65-88947aee42b6&#8243; text_font=&#8221;Elegant Icon Fonts||||||||&#8221; text_font_size=&#8221;26px&#8221; text_line_height=&#8221;1.3em&#8221; header_font=&#8221;|300|on||||||&#8221; header_text_align=&#8221;center&#8221; header_2_text_align=&#8221;center&#8221; custom_margin=&#8221;||60px||false|false&#8221; global_colors_info=&#8221;{}&#8221;]<\/p>\n<h2>Meeting 15.3.2021<\/h2>\n<p>[\/et_pb_text][et_pb_blurb use_icon=&#8221;on&#8221; font_icon=&#8221;&#xe0a3;||divi||400&#8243; icon_color=&#8221;#813134&#8243; icon_placement=&#8221;left&#8221; disabled_on=&#8221;off|off|off&#8221; _builder_version=&#8221;4.21.0&#8243; _module_preset=&#8221;default&#8221; body_font_size=&#8221;22px&#8221; locked=&#8221;off&#8221; global_colors_info=&#8221;{}&#8221;]<a href=\"https:\/\/youtu.be\/70rlUqlcWkI\" target=\"_blank\" rel=\"noopener\">Lecture by Academy Research Fellow Kaisa Matom\u00e4ki: \u201cAlkuluvuista\u201d<\/a>[\/et_pb_blurb][et_pb_blurb use_icon=&#8221;on&#8221; font_icon=&#8221;&#xe0a3;||divi||400&#8243; icon_color=&#8221;#813134&#8243; icon_placement=&#8221;left&#8221; disabled_on=&#8221;off|off|off&#8221; _builder_version=&#8221;4.21.0&#8243; _module_preset=&#8221;default&#8221; body_font_size=&#8221;22px&#8221; locked=&#8221;off&#8221; global_colors_info=&#8221;{}&#8221;]<a href=\"https:\/\/youtu.be\/4TozqG3bvAA\" target=\"_blank\" rel=\"noopener\">Lecture by University Lecturer Pia Olsson: \u201cNollatutkimusta ja haittatutkijoita? Tutkimusrahoituksen her\u00e4tt\u00e4m\u00e4t tunteet sosiaalisen median keskusteluissa\u201d<\/a>[\/et_pb_blurb][et_pb_text _builder_version=&#8221;4.21.0&#8243; _module_preset=&#8221;0cde5546-a697-454a-bb65-88947aee42b6&#8243; text_font=&#8221;Elegant Icon Fonts||||||||&#8221; text_font_size=&#8221;26px&#8221; text_line_height=&#8221;1.3em&#8221; header_font=&#8221;|300|on||||||&#8221; header_text_align=&#8221;center&#8221; header_2_text_align=&#8221;center&#8221; custom_margin=&#8221;||60px||false|false&#8221; global_colors_info=&#8221;{}&#8221;]<\/p>\n<h2>Meeting 15.2.2021<\/h2>\n<p>[\/et_pb_text][et_pb_blurb use_icon=&#8221;on&#8221; font_icon=&#8221;&#xe0a3;||divi||400&#8243; icon_color=&#8221;#813134&#8243; icon_placement=&#8221;left&#8221; disabled_on=&#8221;off|off|off&#8221; _builder_version=&#8221;4.21.0&#8243; _module_preset=&#8221;default&#8221; body_font_size=&#8221;22px&#8221; locked=&#8221;off&#8221; global_colors_info=&#8221;{}&#8221;]<a href=\"https:\/\/youtu.be\/MrrF7VpEpLc\" target=\"_blank\" rel=\"noopener\">Lecture by Professor Peter Johansson: \u201cGravitationsv\u00e5gor fr\u00e5n krockande supermassiva svarta h\u00e5l\u201d<\/a>[\/et_pb_blurb][et_pb_blurb use_icon=&#8221;on&#8221; font_icon=&#8221;&#xe0a3;||divi||400&#8243; icon_color=&#8221;#813134&#8243; icon_placement=&#8221;left&#8221; disabled_on=&#8221;off|off|off&#8221; _builder_version=&#8221;4.21.0&#8243; _module_preset=&#8221;default&#8221; body_font_size=&#8221;22px&#8221; locked=&#8221;off&#8221; global_colors_info=&#8221;{}&#8221;]<a href=\"https:\/\/youtu.be\/81qA6J8Eo3w\" target=\"_blank\" rel=\"noopener\">Lecture by Professor Anna-Elina Lehesjoki: \u201cEpilepsiat: geenil\u00f6yd\u00f6ist\u00e4 kohti t\u00e4sm\u00e4hoitoja\u201d<\/a>[\/et_pb_blurb][et_pb_text _builder_version=&#8221;4.21.0&#8243; _module_preset=&#8221;0cde5546-a697-454a-bb65-88947aee42b6&#8243; text_font=&#8221;Elegant Icon Fonts||||||||&#8221; text_font_size=&#8221;26px&#8221; text_line_height=&#8221;1.3em&#8221; header_font=&#8221;|300|on||||||&#8221; header_text_align=&#8221;center&#8221; header_2_text_align=&#8221;center&#8221; custom_margin=&#8221;||60px||false|false&#8221; global_colors_info=&#8221;{}&#8221;]<\/p>\n<h2>Meeting 18.1.2021<\/h2>\n<p>[\/et_pb_text][et_pb_blurb use_icon=&#8221;on&#8221; font_icon=&#8221;&#xe0a3;||divi||400&#8243; icon_color=&#8221;#813134&#8243; icon_placement=&#8221;left&#8221; disabled_on=&#8221;off|off|off&#8221; _builder_version=&#8221;4.21.0&#8243; _module_preset=&#8221;default&#8221; body_font_size=&#8221;22px&#8221; locked=&#8221;off&#8221; global_colors_info=&#8221;{}&#8221;]<a href=\"https:\/\/youtu.be\/8OTZPwWY9_4\" target=\"_blank\" rel=\"noopener\">Lecture by Professor Vineta Fellma: \u201dDe GRACILA barnen \u2013 nya sjukdomsmekanismer ger hopp om behandling vid mitokondriell sjukdom\u201d<\/a>[\/et_pb_blurb][et_pb_text _builder_version=&#8221;4.21.0&#8243; _module_preset=&#8221;0cde5546-a697-454a-bb65-88947aee42b6&#8243; text_font=&#8221;Elegant Icon Fonts||||||||&#8221; text_font_size=&#8221;26px&#8221; text_line_height=&#8221;1.3em&#8221; header_font=&#8221;|300|on||||||&#8221; header_text_align=&#8221;center&#8221; header_2_text_align=&#8221;center&#8221; custom_margin=&#8221;||60px||false|false&#8221; global_colors_info=&#8221;{}&#8221;]<\/p>\n<h2>Meeting 21.12.2020<\/h2>\n<p>[\/et_pb_text][et_pb_blurb use_icon=&#8221;on&#8221; font_icon=&#8221;&#xe0a3;||divi||400&#8243; icon_color=&#8221;#813134&#8243; icon_placement=&#8221;left&#8221; disabled_on=&#8221;off|off|off&#8221; _builder_version=&#8221;4.21.0&#8243; _module_preset=&#8221;default&#8221; body_font_size=&#8221;22px&#8221; locked=&#8221;off&#8221; global_colors_info=&#8221;{}&#8221;]<a href=\"https:\/\/youtu.be\/njTbaxWZ654\" target=\"_blank\" rel=\"noopener\">Lecture by Professor Klaus Hedman: \u201cEp\u00e4tyypillinen keksint\u00f6 \u2013 ep\u00e4ilytt\u00e4v\u00e4, vai k\u00e4\u00e4nteentekev\u00e4?<\/a>[\/et_pb_blurb][et_pb_text _builder_version=&#8221;4.21.0&#8243; _module_preset=&#8221;0cde5546-a697-454a-bb65-88947aee42b6&#8243; text_font=&#8221;Elegant Icon Fonts||||||||&#8221; text_font_size=&#8221;26px&#8221; text_line_height=&#8221;1.3em&#8221; header_font=&#8221;|300|on||||||&#8221; header_text_align=&#8221;center&#8221; header_2_text_align=&#8221;center&#8221; custom_margin=&#8221;||60px||false|false&#8221; global_colors_info=&#8221;{}&#8221;]<\/p>\n<h2>Meeting 16.11.2020<\/h2>\n<p>[\/et_pb_text][et_pb_blurb use_icon=&#8221;on&#8221; font_icon=&#8221;&#xe0a3;||divi||400&#8243; icon_color=&#8221;#813134&#8243; icon_placement=&#8221;left&#8221; disabled_on=&#8221;off|off|off&#8221; _builder_version=&#8221;4.21.0&#8243; _module_preset=&#8221;default&#8221; body_font_size=&#8221;22px&#8221; locked=&#8221;off&#8221; global_colors_info=&#8221;{}&#8221;]There is no videos available from the meeting in November.[\/et_pb_blurb][et_pb_text _builder_version=&#8221;4.21.0&#8243; _module_preset=&#8221;0cde5546-a697-454a-bb65-88947aee42b6&#8243; text_font=&#8221;Elegant Icon Fonts||||||||&#8221; text_font_size=&#8221;26px&#8221; text_line_height=&#8221;1.3em&#8221; header_font=&#8221;|300|on||||||&#8221; header_text_align=&#8221;center&#8221; header_2_text_align=&#8221;center&#8221; custom_margin=&#8221;||60px||false|false&#8221; global_colors_info=&#8221;{}&#8221;]<\/p>\n<h2>Meeting 19.10.2020<\/h2>\n<p>[\/et_pb_text][et_pb_blurb use_icon=&#8221;on&#8221; font_icon=&#8221;&#xe0a3;||divi||400&#8243; icon_color=&#8221;#813134&#8243; icon_placement=&#8221;left&#8221; disabled_on=&#8221;off|off|off&#8221; _builder_version=&#8221;4.21.0&#8243; _module_preset=&#8221;default&#8221; body_font_size=&#8221;22px&#8221; locked=&#8221;off&#8221; global_colors_info=&#8221;{}&#8221;]There is no videos available from the meeting in October.[\/et_pb_blurb][et_pb_text _builder_version=&#8221;4.21.0&#8243; _module_preset=&#8221;0cde5546-a697-454a-bb65-88947aee42b6&#8243; text_font=&#8221;Elegant Icon Fonts||||||||&#8221; text_font_size=&#8221;26px&#8221; text_line_height=&#8221;1.3em&#8221; header_font=&#8221;|300|on||||||&#8221; header_text_align=&#8221;center&#8221; header_2_text_align=&#8221;center&#8221; custom_margin=&#8221;||60px||false|false&#8221; global_colors_info=&#8221;{}&#8221;]<\/p>\n<h2>Meeting 21.9.2020<\/h2>\n<p>[\/et_pb_text][et_pb_blurb use_icon=&#8221;on&#8221; font_icon=&#8221;&#xe0a3;||divi||400&#8243; icon_color=&#8221;#813134&#8243; icon_placement=&#8221;left&#8221; disabled_on=&#8221;off|off|off&#8221; _builder_version=&#8221;4.21.0&#8243; _module_preset=&#8221;default&#8221; body_font_size=&#8221;22px&#8221; locked=&#8221;off&#8221; global_colors_info=&#8221;{}&#8221;]<a href=\"https:\/\/youtu.be\/e62NfQ2Gxpg\" target=\"_blank\" rel=\"noopener\">Commemorative speech for Professor Johan J\u00e4rnefelt is given by Professor Carl G. Gahmberg<\/a>[\/et_pb_blurb][et_pb_blurb use_icon=&#8221;on&#8221; font_icon=&#8221;&#xe0a3;||divi||400&#8243; icon_color=&#8221;#813134&#8243; icon_placement=&#8221;left&#8221; disabled_on=&#8221;off|off|off&#8221; _builder_version=&#8221;4.21.0&#8243; _module_preset=&#8221;default&#8221; body_font_size=&#8221;22px&#8221; locked=&#8221;off&#8221; global_colors_info=&#8221;{}&#8221;]<a href=\"https:\/\/youtu.be\/BSw9w_rCeFI\" target=\"_blank\" rel=\"noopener\">Commemorative speech for Professor Max Engman is given by Professor Henrik Meinander<\/a>[\/et_pb_blurb][et_pb_blurb use_icon=&#8221;on&#8221; font_icon=&#8221;&#xe0a3;||divi||400&#8243; icon_color=&#8221;#813134&#8243; icon_placement=&#8221;left&#8221; disabled_on=&#8221;off|off|off&#8221; _builder_version=&#8221;4.21.0&#8243; _module_preset=&#8221;default&#8221; body_font_size=&#8221;22px&#8221; locked=&#8221;off&#8221; global_colors_info=&#8221;{}&#8221;]<a href=\"https:\/\/youtu.be\/fTug9q3-Y7g\" target=\"_blank\" rel=\"noopener\">Lecture by Director General Jussi Nuorteva: \u201cKatsaus Kansallisarkistossa oleviin tieteellisten seurojen arkistoihin\u201d<\/a>[\/et_pb_blurb][et_pb_blurb use_icon=&#8221;on&#8221; font_icon=&#8221;&#xe0a3;||divi||400&#8243; icon_color=&#8221;#813134&#8243; icon_placement=&#8221;left&#8221; disabled_on=&#8221;off|off|off&#8221; _builder_version=&#8221;4.21.0&#8243; _module_preset=&#8221;default&#8221; body_font_size=&#8221;22px&#8221; locked=&#8221;off&#8221; global_colors_info=&#8221;{}&#8221;]<a href=\"https:\/\/youtu.be\/rtOpoVDwGms\" target=\"_blank\" rel=\"noopener\">Lecture by Professor Martin Romantschuk: \u201dKonsten att stimulera mikrober att g\u00f6ra jobbet f\u00f6r en\u201d<\/a>[\/et_pb_blurb][et_pb_blurb use_icon=&#8221;on&#8221; font_icon=&#8221;&#xe0a3;||divi||400&#8243; icon_color=&#8221;#813134&#8243; icon_placement=&#8221;left&#8221; disabled_on=&#8221;off|off|off&#8221; _builder_version=&#8221;4.22.1&#8243; _module_preset=&#8221;default&#8221; body_font_size=&#8221;22px&#8221; locked=&#8221;off&#8221; global_colors_info=&#8221;{}&#8221;]<\/p>\n<p><a href=\"https:\/\/youtu.be\/4z_ifdVmlF8\" target=\"_blank\" rel=\"noopener\">Lecture by Professor P\u00e4ivi T\u00f6rm\u00e4: \u201dUusia kvantti-ilmi\u00f6it\u00e4: Bosen-Einsteinin kondensaatti nanofotoniikassa ja suprajohtavuus grafeenissa\u201d<\/a><\/p>\n<p>New lecture<\/p>\n<p>[\/et_pb_blurb][\/et_pb_column][et_pb_column type=&#8221;1_5&#8243; _builder_version=&#8221;4.21.0&#8243; _module_preset=&#8221;default&#8221; global_colors_info=&#8221;{}&#8221;][\/et_pb_column][\/et_pb_row][\/et_pb_section]<\/p>\n","protected":false},"excerpt":{"rendered":"<p>LecturesSymposium Dedicated to Gustaf Gabriel H\u00e4llstr\u00f6mProfessor Mats Gyllenberg: Gustaf Gabriel H\u00e4llstr\u00f6m \u2013 Stiftande medlem av Finska Vetenskaps-Societeten och dess f\u00f6rsta ordf\u00f6randeMeeting 15.12.2025Professor Jouko Rikkinen: Commemorative Speech for Carl-Adam H\u00e6ggstr\u00f6mProfessor Susanna Paasonen: Monitulkintaisuuden t\u00e4rkeys datakulttuurissaMeeting 17.11.2025Professor Jussi Pakkasvirta: Nobelin rauhanpalkinto Mar\u00eda Corina Machadolle \u2013 Latinalainen Amerikka ja kansainv\u00e4lisen tilanteen haasteetDialogue between Professor Pauline von Bonsdorff and [&hellip;]<\/p>\n","protected":false},"author":2,"featured_media":0,"parent":0,"menu_order":0,"comment_status":"closed","ping_status":"closed","template":"","meta":{"_acf_changed":false,"_et_pb_use_builder":"on","_et_pb_old_content":"","_et_gb_content_width":"","footnotes":""},"class_list":["post-1238","page","type-page","status-publish","hentry"],"acf":[],"yoast_head":"<!-- This site is optimized with the Yoast SEO plugin v27.4 - https:\/\/yoast.com\/product\/yoast-seo-wordpress\/ -->\n<title>Lectures - The Finnish Society of Sciences And Letters<\/title>\n<meta name=\"robots\" content=\"index, follow, max-snippet:-1, max-image-preview:large, max-video-preview:-1\" \/>\n<link rel=\"canonical\" href=\"https:\/\/scientiarum.fi\/en\/lectures\/\" \/>\n<meta property=\"og:locale\" content=\"en_US\" \/>\n<meta property=\"og:type\" content=\"article\" \/>\n<meta property=\"og:title\" content=\"Lectures - The Finnish Society of Sciences And Letters\" \/>\n<meta property=\"og:description\" content=\"LecturesSymposium Dedicated to Gustaf Gabriel H\u00e4llstr\u00f6mProfessor Mats Gyllenberg: Gustaf Gabriel H\u00e4llstr\u00f6m \u2013 Stiftande medlem av Finska Vetenskaps-Societeten och dess f\u00f6rsta ordf\u00f6randeMeeting 15.12.2025Professor Jouko Rikkinen: Commemorative Speech for Carl-Adam H\u00e6ggstr\u00f6mProfessor Susanna Paasonen: Monitulkintaisuuden t\u00e4rkeys datakulttuurissaMeeting 17.11.2025Professor Jussi Pakkasvirta: Nobelin rauhanpalkinto Mar\u00eda Corina Machadolle \u2013 Latinalainen Amerikka ja kansainv\u00e4lisen tilanteen haasteetDialogue between Professor Pauline von Bonsdorff and [&hellip;]\" \/>\n<meta property=\"og:url\" content=\"https:\/\/scientiarum.fi\/en\/lectures\/\" \/>\n<meta property=\"og:site_name\" content=\"The Finnish Society of Sciences And Letters\" \/>\n<meta property=\"article:publisher\" content=\"https:\/\/www.facebook.com\/societas.scientiarum\" \/>\n<meta property=\"article:modified_time\" content=\"2026-04-10T06:41:11+00:00\" \/>\n<meta name=\"twitter:card\" content=\"summary_large_image\" \/>\n<meta name=\"twitter:site\" content=\"@tiedeseura\" \/>\n<meta name=\"twitter:label1\" content=\"Est. reading time\" \/>\n\t<meta name=\"twitter:data1\" content=\"43 minutes\" \/>\n<script type=\"application\/ld+json\" class=\"yoast-schema-graph\">{\"@context\":\"https:\\\/\\\/schema.org\",\"@graph\":[{\"@type\":\"WebPage\",\"@id\":\"https:\\\/\\\/scientiarum.fi\\\/en\\\/lectures\\\/\",\"url\":\"https:\\\/\\\/scientiarum.fi\\\/en\\\/lectures\\\/\",\"name\":\"Lectures - The Finnish Society of Sciences And Letters\",\"isPartOf\":{\"@id\":\"https:\\\/\\\/scientiarum.fi\\\/#website\"},\"datePublished\":\"2023-05-15T11:13:35+00:00\",\"dateModified\":\"2026-04-10T06:41:11+00:00\",\"breadcrumb\":{\"@id\":\"https:\\\/\\\/scientiarum.fi\\\/en\\\/lectures\\\/#breadcrumb\"},\"inLanguage\":\"en-US\",\"potentialAction\":[{\"@type\":\"ReadAction\",\"target\":[\"https:\\\/\\\/scientiarum.fi\\\/en\\\/lectures\\\/\"]}]},{\"@type\":\"BreadcrumbList\",\"@id\":\"https:\\\/\\\/scientiarum.fi\\\/en\\\/lectures\\\/#breadcrumb\",\"itemListElement\":[{\"@type\":\"ListItem\",\"position\":1,\"name\":\"Home\",\"item\":\"https:\\\/\\\/scientiarum.fi\\\/\"},{\"@type\":\"ListItem\",\"position\":2,\"name\":\"Lectures\"}]},{\"@type\":\"WebSite\",\"@id\":\"https:\\\/\\\/scientiarum.fi\\\/#website\",\"url\":\"https:\\\/\\\/scientiarum.fi\\\/\",\"name\":\"Finska Vetenskaps-Societeten\",\"description\":\"\",\"publisher\":{\"@id\":\"https:\\\/\\\/scientiarum.fi\\\/#organization\"},\"potentialAction\":[{\"@type\":\"SearchAction\",\"target\":{\"@type\":\"EntryPoint\",\"urlTemplate\":\"https:\\\/\\\/scientiarum.fi\\\/?s={search_term_string}\"},\"query-input\":{\"@type\":\"PropertyValueSpecification\",\"valueRequired\":true,\"valueName\":\"search_term_string\"}}],\"inLanguage\":\"en-US\"},{\"@type\":\"Organization\",\"@id\":\"https:\\\/\\\/scientiarum.fi\\\/#organization\",\"name\":\"Finska Vetenskaps-Societeten\",\"url\":\"https:\\\/\\\/scientiarum.fi\\\/\",\"logo\":{\"@type\":\"ImageObject\",\"inLanguage\":\"en-US\",\"@id\":\"https:\\\/\\\/scientiarum.fi\\\/#\\\/schema\\\/logo\\\/image\\\/\",\"url\":\"\",\"contentUrl\":\"\",\"caption\":\"Finska Vetenskaps-Societeten\"},\"image\":{\"@id\":\"https:\\\/\\\/scientiarum.fi\\\/#\\\/schema\\\/logo\\\/image\\\/\"},\"sameAs\":[\"https:\\\/\\\/www.facebook.com\\\/societas.scientiarum\",\"https:\\\/\\\/x.com\\\/tiedeseura\",\"https:\\\/\\\/www.linkedin.com\\\/company\\\/finska-vetenskaps-societeten-the-finnish-society-of-sciences-and-letters\\\/\"]}]}<\/script>\n<!-- \/ Yoast SEO plugin. -->","yoast_head_json":{"title":"Lectures - The Finnish Society of Sciences And Letters","robots":{"index":"index","follow":"follow","max-snippet":"max-snippet:-1","max-image-preview":"max-image-preview:large","max-video-preview":"max-video-preview:-1"},"canonical":"https:\/\/scientiarum.fi\/en\/lectures\/","og_locale":"en_US","og_type":"article","og_title":"Lectures - The Finnish Society of Sciences And Letters","og_description":"LecturesSymposium Dedicated to Gustaf Gabriel H\u00e4llstr\u00f6mProfessor Mats Gyllenberg: Gustaf Gabriel H\u00e4llstr\u00f6m \u2013 Stiftande medlem av Finska Vetenskaps-Societeten och dess f\u00f6rsta ordf\u00f6randeMeeting 15.12.2025Professor Jouko Rikkinen: Commemorative Speech for Carl-Adam H\u00e6ggstr\u00f6mProfessor Susanna Paasonen: Monitulkintaisuuden t\u00e4rkeys datakulttuurissaMeeting 17.11.2025Professor Jussi Pakkasvirta: Nobelin rauhanpalkinto Mar\u00eda Corina Machadolle \u2013 Latinalainen Amerikka ja kansainv\u00e4lisen tilanteen haasteetDialogue between Professor Pauline von Bonsdorff and [&hellip;]","og_url":"https:\/\/scientiarum.fi\/en\/lectures\/","og_site_name":"The Finnish Society of Sciences And Letters","article_publisher":"https:\/\/www.facebook.com\/societas.scientiarum","article_modified_time":"2026-04-10T06:41:11+00:00","twitter_card":"summary_large_image","twitter_site":"@tiedeseura","twitter_misc":{"Est. reading time":"43 minutes"},"schema":{"@context":"https:\/\/schema.org","@graph":[{"@type":"WebPage","@id":"https:\/\/scientiarum.fi\/en\/lectures\/","url":"https:\/\/scientiarum.fi\/en\/lectures\/","name":"Lectures - The Finnish Society of Sciences And Letters","isPartOf":{"@id":"https:\/\/scientiarum.fi\/#website"},"datePublished":"2023-05-15T11:13:35+00:00","dateModified":"2026-04-10T06:41:11+00:00","breadcrumb":{"@id":"https:\/\/scientiarum.fi\/en\/lectures\/#breadcrumb"},"inLanguage":"en-US","potentialAction":[{"@type":"ReadAction","target":["https:\/\/scientiarum.fi\/en\/lectures\/"]}]},{"@type":"BreadcrumbList","@id":"https:\/\/scientiarum.fi\/en\/lectures\/#breadcrumb","itemListElement":[{"@type":"ListItem","position":1,"name":"Home","item":"https:\/\/scientiarum.fi\/"},{"@type":"ListItem","position":2,"name":"Lectures"}]},{"@type":"WebSite","@id":"https:\/\/scientiarum.fi\/#website","url":"https:\/\/scientiarum.fi\/","name":"Finska Vetenskaps-Societeten","description":"","publisher":{"@id":"https:\/\/scientiarum.fi\/#organization"},"potentialAction":[{"@type":"SearchAction","target":{"@type":"EntryPoint","urlTemplate":"https:\/\/scientiarum.fi\/?s={search_term_string}"},"query-input":{"@type":"PropertyValueSpecification","valueRequired":true,"valueName":"search_term_string"}}],"inLanguage":"en-US"},{"@type":"Organization","@id":"https:\/\/scientiarum.fi\/#organization","name":"Finska Vetenskaps-Societeten","url":"https:\/\/scientiarum.fi\/","logo":{"@type":"ImageObject","inLanguage":"en-US","@id":"https:\/\/scientiarum.fi\/#\/schema\/logo\/image\/","url":"","contentUrl":"","caption":"Finska Vetenskaps-Societeten"},"image":{"@id":"https:\/\/scientiarum.fi\/#\/schema\/logo\/image\/"},"sameAs":["https:\/\/www.facebook.com\/societas.scientiarum","https:\/\/x.com\/tiedeseura","https:\/\/www.linkedin.com\/company\/finska-vetenskaps-societeten-the-finnish-society-of-sciences-and-letters\/"]}]}},"_links":{"self":[{"href":"https:\/\/scientiarum.fi\/en\/wp-json\/wp\/v2\/pages\/1238","targetHints":{"allow":["GET"]}}],"collection":[{"href":"https:\/\/scientiarum.fi\/en\/wp-json\/wp\/v2\/pages"}],"about":[{"href":"https:\/\/scientiarum.fi\/en\/wp-json\/wp\/v2\/types\/page"}],"author":[{"embeddable":true,"href":"https:\/\/scientiarum.fi\/en\/wp-json\/wp\/v2\/users\/2"}],"replies":[{"embeddable":true,"href":"https:\/\/scientiarum.fi\/en\/wp-json\/wp\/v2\/comments?post=1238"}],"version-history":[{"count":49,"href":"https:\/\/scientiarum.fi\/en\/wp-json\/wp\/v2\/pages\/1238\/revisions"}],"predecessor-version":[{"id":9107,"href":"https:\/\/scientiarum.fi\/en\/wp-json\/wp\/v2\/pages\/1238\/revisions\/9107"}],"wp:attachment":[{"href":"https:\/\/scientiarum.fi\/en\/wp-json\/wp\/v2\/media?parent=1238"}],"curies":[{"name":"wp","href":"https:\/\/api.w.org\/{rel}","templated":true}]}}